{"id":2545,"date":"2016-07-01T14:56:44","date_gmt":"2016-07-01T12:56:44","guid":{"rendered":"https:\/\/www.garteln-in-wien.at\/garteln-in-wien-bio-forschung-austria\/"},"modified":"2024-05-16T09:05:46","modified_gmt":"2024-05-16T07:05:46","slug":"garteln-in-wien-bio-forschung-austria","status":"publish","type":"page","link":"https:\/\/www.garteln-in-wien.at\/plain_d\/garteln-in-wien-bio-forschung-austria\/","title":{"rendered":"Bio Forschung Austria &#8211; Garteln in Wien"},"content":{"rendered":"<p>Die Bio Forschung Austria geh\u00f6rt zu keiner Universit\u00e4t und ist nicht gewinn-orientiert.<br \/>\nSie ist ein Forschungs-Institut und arbeitet mit der<br \/>\nMagistratsabteilung 49 &#8211; Klima, Forst- und Landwirtschaftsbetriebe zusammen.<br \/>\nDie Mitarbeiterinnen und Mitarbeiter haben viele<br \/>\nverschiedene wissenschaftliche Ausbildungen.<\/p>\n<p>Seit 1979 arbeiten Mitarbeiterinnen und Mitarbeiter<br \/>\nzum Thema biologische Landwirtschaft.<br \/>\nSie tauschen Wissen mit Bio-B\u00e4uerinnen und Bio-Bauern.<\/p>\n<p>Das forscht und macht die Bio Forschung Austria:<\/p>\n<ul>\n<li>Der Boden ist wichtig f\u00fcr die Produktion von Lebens-Mittel.<\/li>\n<li>Verschiedene biologische Sorten auf verschiedenen Orten ausprobieren.<\/li>\n<li>Fruchtfolge.<br \/>\nDas bedeutet: Verschiedene Pflanzen abwechselnd anbauen,<br \/>\ndamit der Boden gesund bleibt.<\/li>\n<li>Pflanzen-Schutz.<br \/>\nDas bedeutet: Es werden viele unterschiedliche Pflanzen angebaut.<br \/>\nDadurch gibt es mehr Tiere am Feld.<br \/>\nViele n\u00fctzliche K\u00e4fer und Fliegen fressen Sch\u00e4dlinge.<br \/>\nSch\u00e4dlinge sind schlecht f\u00fcr die Pflanzen.<\/li>\n<li>Klima-Schutz und Natur-Schutz in biologischer Landwirtschaft.<\/li>\n<li>Bildung f\u00fcr Menschen in der Stadt oder<br \/>\nB\u00e4uerinnen und Bauern.<\/li>\n<li>Nachhaltige Lebens-Mittel f\u00fcr die ganze Gemeinschaft.<br \/>\nNachhaltig bedeutet: Ich will,<br \/>\ndass Menschen nach mir auf einer gesunden Erde leben.<\/li>\n<li>Biologische Landwirtschaft und G\u00e4rtnern<br \/>\nmit einem Gewinn f\u00fcr alle Menschen.<\/li>\n<li>Das Projekt \u201eGarteln in Wien\u201c.<\/li>\n<\/ul>\n<p>Mehr Informationen finden Sie auf dieser Webseite: <a href=\"http:\/\/www.bioforschung.at\" target=\"_blank\" rel=\"noopener noreferrer\">www.bioforschung.at<\/a>.<\/p>\n<h2>Gartel in Wien<\/h2>\n<p><strong>Was ist \u201eGarteln in Wien\u201c?<\/strong><\/p>\n<p>Wenn Menschen im Garten arbeiten, sagen wir in Wien auch garteln.<br \/>\nDeshalb hei\u00dft unser Projekt \u201eGarteln in Wien\u201c.<\/p>\n<p><strong>\u00a0<\/strong>\u201eGarteln in Wien\u201c ist eine Anlauf-Stelle der Stadt Wien.<\/p>\n<p>Das bedeutet:<br \/>\nHier laufen alle Informationen zusammen, die mit \u201eGarteln in Wien\u201c zu tun haben.<br \/>\nMenschen, die in Wien wohnen informieren sich hier zum<br \/>\nThema g\u00e4rtnern in der Stadt.<\/p>\n<p>Zum Beispiel:<\/p>\n<ul>\n<li>Wie gr\u00fcnde ich einen Gemeinschafts-Garten?<br \/>\nWelche Regeln muss ich beachten?<br \/>\nWie viel kostet es?<br \/>\nWo kann ich ein St\u00fcck Land mieten?<\/li>\n<li>Wo kaufe ich frisches Gem\u00fcse aus Wien?<\/li>\n<\/ul>\n<p><strong>Wer betreut \u201eGarteln in Wien\u201c?<br \/>\n<\/strong>Seit 30. Mai 2016 wird \u201eGarteln in Wien\u201c von der Bio Forschung Austria betreut.<br \/>\nIn der Garten-Saison gibt es \u201eTage der offenen T\u00fcr\u201c und Kurse:<br \/>\nMiteinander Bio-Garteln.<br \/>\nHier lernen sie biologisch g\u00e4rtnern.<br \/>\nDie Kurse sind f\u00fcr Anf\u00e4ngerinnen, Anf\u00e4nger und Fortgeschrittene.<br \/>\nEs gibt auch Angebote f\u00fcr Kinder und Jugendliche.<\/p>\n<h2><strong>Bio Forschung Austria \u2013 Garteln in Wien<\/strong><\/h2>\n<h1><img loading=\"lazy\" decoding=\"async\" class=\"wp-image-1165 alignright\" src=\"https:\/\/www.garteln-in-wien.at\/wp-content\/uploads\/2017\/07\/069_20170606_cschedl_kwp-700x467.jpg\" width=\"315\" height=\"210\" srcset=\"https:\/\/www.garteln-in-wien.at\/wp-content\/uploads\/2017\/07\/069_20170606_cschedl_kwp-700x467.jpg 700w, https:\/\/www.garteln-in-wien.at\/wp-content\/uploads\/2017\/07\/069_20170606_cschedl_kwp-1024x682.jpg 1024w, https:\/\/www.garteln-in-wien.at\/wp-content\/uploads\/2017\/07\/069_20170606_cschedl_kwp-768x512.jpg 768w, https:\/\/www.garteln-in-wien.at\/wp-content\/uploads\/2017\/07\/069_20170606_cschedl_kwp.jpg 2000w\" sizes=\"auto, (max-width: 315px) 100vw, 315px\" \/><\/h1>\n<ul>\n<li><strong>Adresse<\/strong>: Esslinger Hauptstr 132-134, 1220 Wien<\/li>\n<li><strong>Kontaktpersonen <\/strong>:\n<ul>\n<li>Ing. Christophorus Ableidinger<\/li>\n<\/ul>\n<\/li>\n<li><strong>Kontakt<\/strong>:\n<ul>\n<li><strong>E-Mail: <\/strong><a href=\"&#x6d;&#97;i&#x6c;&#116;o&#x3a;&#x67;&#97;&#x72;&#x74;&#101;l&#x6e;&#45;i&#x6e;&#x2d;&#119;&#x69;&#x65;&#110;&#64;&#x62;&#105;o&#x66;&#x6f;&#114;&#x73;&#x63;&#104;u&#x6e;&#103;&#46;&#x61;&#x74;\" target=\"_blank\" rel=\"noopener noreferrer\">&#103;a&#x72;t&#x65;l&#x6e;&#45;&#x69;&#110;&#x2d;&#119;i&#x65;n&#x40;b&#x69;&#111;&#x66;&#111;&#x72;&#115;&#x63;&#104;u&#x6e;g&#x2e;a&#x74;<\/a><\/li>\n<li><strong>Webseite: <\/strong><a href=\"https:\/\/www.garteln-in-wien.at\" target=\"_blank\" rel=\"noopener noreferrer\">www.garteln-in-wien.at<\/a><\/li>\n<li><strong>Webseite:<\/strong><a href=\"https:\/\/www.bioforschung.at\" target=\"_blank\" rel=\"noopener noreferrer\">www.bioforschung.at<\/a><\/li>\n<li><strong>Telefon:<\/strong> 01\/ 4000 \u2013 49 160 &#8211; Dienstag &amp; Donnerstag 10 \u2013 12 Uhr<\/li>\n<\/ul>\n<\/li>\n<\/ul>\n<h3>Veranstaltungen:<\/h3>\n<ul>\n<li><a href=\"https:\/\/www.bioforschung.at\/events\/gartenfuehrung-durch-den-garten-der-vielfalt-2024\/\" target=\"_blank\" rel=\"noopener\">F\u00fchrungen im Garten der Vielfalt<\/a><\/li>\n<li><a href=\"https:\/\/www.bioforschung.at\/events\/bio-gartel-kurs-2024\/\" target=\"_blank\" rel=\"noopener noreferrer\">Bio-Gartl Kurs<\/a><\/li>\n<li><a href=\"https:\/\/www.bioforschung.at\/events\/workshops-fuer-schulklassen\/\" target=\"_blank\" rel=\"noopener\">Workshops f\u00fcr Schulklassen<\/a><\/li>\n<\/ul>\n<h3>Downloads:<\/h3>\n<ul>\n<li><a href=\"https:\/\/www.garteln-in-wien.at\/wp-content\/uploads\/2022\/09\/GartelnFolder-DExES-2022_WEB.pdf\">Folder Garteln in Wien in Einfacher Sprache<\/a><\/li>\n<\/ul>\n<h2>Hier sehen Sie Bilder der Bio Forschung Austria<\/h2>\n\n\t\t<style type=\"text\/css\">\n\t\t\t#gallery-1 {\n\t\t\t\tmargin: auto;\n\t\t\t}\n\t\t\t#gallery-1 .gallery-item {\n\t\t\t\tfloat: left;\n\t\t\t\tmargin-top: 10px;\n\t\t\t\ttext-align: center;\n\t\t\t\twidth: 33%;\n\t\t\t}\n\t\t\t#gallery-1 img {\n\t\t\t\tborder: 2px solid #cfcfcf;\n\t\t\t}\n\t\t\t#gallery-1 .gallery-caption {\n\t\t\t\tmargin-left: 0;\n\t\t\t}\n\t\t\t\/* see gallery_shortcode() in wp-includes\/media.php *\/\n\t\t<\/style>\n\t\t<div id='gallery-1' class='gallery galleryid-2545 gallery-columns-3 gallery-size-thumbnail'><dl class='gallery-item'>\n\t\t\t<dt class='gallery-icon landscape'>\n\t\t\t\t<a href='https:\/\/www.garteln-in-wien.at\/plain_d\/selbst-garteln\/2017-06-24_018_cr_a_mrkvicka\/'><img loading=\"lazy\" decoding=\"async\" width=\"150\" height=\"150\" src=\"https:\/\/www.garteln-in-wien.at\/wp-content\/uploads\/2016\/07\/2017-06-24_018_CR_A_MRKVICKA-150x150.jpg\" class=\"attachment-thumbnail size-thumbnail\" alt=\"\" aria-describedby=\"gallery-1-2642\" \/><\/a>\n\t\t\t<\/dt>\n\t\t\t\t<dd class='wp-caption-text gallery-caption' id='gallery-1-2642'>\n\t\t\t\tAm Bild sehen Sie eine Gem\u00fcse-Pachtparzelle\n\t\t\t\t<\/dd><\/dl><dl class='gallery-item'>\n\t\t\t<dt class='gallery-icon landscape'>\n\t\t\t\t<a href='https:\/\/www.garteln-in-wien.at\/plain_d\/20119680-2\/'><img loading=\"lazy\" decoding=\"async\" width=\"150\" height=\"150\" src=\"https:\/\/www.garteln-in-wien.at\/wp-content\/uploads\/2016\/07\/20119680-150x150.jpg\" class=\"attachment-thumbnail size-thumbnail\" alt=\"\" aria-describedby=\"gallery-1-3001\" \/><\/a>\n\t\t\t<\/dt>\n\t\t\t\t<dd class='wp-caption-text gallery-caption' id='gallery-1-3001'>\n\t\t\t\tAm Bild sehen Sie eine Probe von einem Kompost\n\t\t\t\t<\/dd><\/dl><dl class='gallery-item'>\n\t\t\t<dt class='gallery-icon landscape'>\n\t\t\t\t<a href='https:\/\/www.garteln-in-wien.at\/plain_d\/labor-2-katrin-2\/'><img loading=\"lazy\" decoding=\"async\" width=\"150\" height=\"150\" src=\"https:\/\/www.garteln-in-wien.at\/wp-content\/uploads\/2016\/07\/Labor-2-Katrin-150x150.jpg\" class=\"attachment-thumbnail size-thumbnail\" alt=\"\" aria-describedby=\"gallery-1-2970\" \/><\/a>\n\t\t\t<\/dt>\n\t\t\t\t<dd class='wp-caption-text gallery-caption' id='gallery-1-2970'>\n\t\t\t\tAm Bild sehen Sie eine Forscherin die Ausz\u00fcge von Boden-Proben herstellt\n\t\t\t\t<\/dd><\/dl><br style=\"clear: both\" \/><dl class='gallery-item'>\n\t\t\t<dt class='gallery-icon landscape'>\n\t\t\t\t<a href='https:\/\/www.garteln-in-wien.at\/plain_d\/labor-marion-3\/'><img loading=\"lazy\" decoding=\"async\" width=\"150\" height=\"150\" src=\"https:\/\/www.garteln-in-wien.at\/wp-content\/uploads\/2016\/07\/Labor-Marion-150x150.jpg\" class=\"attachment-thumbnail size-thumbnail\" alt=\"\" aria-describedby=\"gallery-1-2972\" \/><\/a>\n\t\t\t<\/dt>\n\t\t\t\t<dd class='wp-caption-text gallery-caption' id='gallery-1-2972'>\n\t\t\t\tAm Bild sehen Sie eine Forscherin die Proben von einem Boden untersucht\n\t\t\t\t<\/dd><\/dl><dl class='gallery-item'>\n\t\t\t<dt class='gallery-icon landscape'>\n\t\t\t\t<a href='https:\/\/www.garteln-in-wien.at\/plain_d\/garteln-in-wien-bio-forschung-austria\/f2\/'><img loading=\"lazy\" decoding=\"async\" width=\"150\" height=\"150\" src=\"https:\/\/www.garteln-in-wien.at\/wp-content\/uploads\/2016\/07\/164D-150x150.jpg\" class=\"attachment-thumbnail size-thumbnail\" alt=\"\" aria-describedby=\"gallery-1-2722\" \/><\/a>\n\t\t\t<\/dt>\n\t\t\t\t<dd class='wp-caption-text gallery-caption' id='gallery-1-2722'>\n\t\t\t\tAm Bild sehen Sie eine Forscherin und einen Forscher, die Daten auswerten\n\t\t\t\t<\/dd><\/dl><dl class='gallery-item'>\n\t\t\t<dt class='gallery-icon landscape'>\n\t\t\t\t<a href='https:\/\/www.garteln-in-wien.at\/plain_d\/img_9696-2\/'><img loading=\"lazy\" decoding=\"async\" width=\"150\" height=\"150\" src=\"https:\/\/www.garteln-in-wien.at\/wp-content\/uploads\/2016\/07\/IMG_9696-150x150.jpg\" class=\"attachment-thumbnail size-thumbnail\" alt=\"\" aria-describedby=\"gallery-1-2960\" \/><\/a>\n\t\t\t<\/dt>\n\t\t\t\t<dd class='wp-caption-text gallery-caption' id='gallery-1-2960'>\n\t\t\t\tAm Bild sehen Sie die Wurzelarena der Bio Forschung Austria\n\t\t\t\t<\/dd><\/dl><br style=\"clear: both\" \/><dl class='gallery-item'>\n\t\t\t<dt class='gallery-icon landscape'>\n\t\t\t\t<a href='https:\/\/www.garteln-in-wien.at\/plain_d\/besucherzentrum-6-3\/'><img loading=\"lazy\" decoding=\"async\" width=\"150\" height=\"150\" src=\"https:\/\/www.garteln-in-wien.at\/wp-content\/uploads\/2016\/07\/Besucherzentrum-6-150x150.jpg\" class=\"attachment-thumbnail size-thumbnail\" alt=\"\" aria-describedby=\"gallery-1-2947\" \/><\/a>\n\t\t\t<\/dt>\n\t\t\t\t<dd class='wp-caption-text gallery-caption' id='gallery-1-2947'>\n\t\t\t\tAm Bild sehen Sie das Besucherinnen- und Besucher-Zentrum der Bio Forschung Austria\n\t\t\t\t<\/dd><\/dl><dl class='gallery-item'>\n\t\t\t<dt class='gallery-icon portrait'>\n\t\t\t\t<a href='https:\/\/www.garteln-in-wien.at\/plain_d\/2017-05-05-miteinander-bio-garteln-5-bio-forschung-austria-2\/'><img loading=\"lazy\" decoding=\"async\" width=\"150\" height=\"150\" src=\"https:\/\/www.garteln-in-wien.at\/wp-content\/uploads\/2017\/07\/2017-05-05-Miteinander-Bio-Garteln-5-\u00a9-Bio-Forschung-Austria-e1591434860254-150x150.jpg\" class=\"attachment-thumbnail size-thumbnail\" alt=\"\" aria-describedby=\"gallery-1-3209\" \/><\/a>\n\t\t\t<\/dt>\n\t\t\t\t<dd class='wp-caption-text gallery-caption' id='gallery-1-3209'>\n\t\t\t\tAm Bild sehen Sie Menschen, die beim Kurs \u201cMiteinander  Bio-Garteln\u201d teilnehmen\n\t\t\t\t<\/dd><\/dl><dl class='gallery-item'>\n\t\t\t<dt class='gallery-icon portrait'>\n\t\t\t\t<a href='https:\/\/www.garteln-in-wien.at\/plain_d\/img_8213-3\/'><img loading=\"lazy\" decoding=\"async\" width=\"150\" height=\"150\" src=\"https:\/\/www.garteln-in-wien.at\/wp-content\/uploads\/2016\/07\/IMG_8213-150x150.jpg\" class=\"attachment-thumbnail size-thumbnail\" alt=\"\" aria-describedby=\"gallery-1-2964\" \/><\/a>\n\t\t\t<\/dt>\n\t\t\t\t<dd class='wp-caption-text gallery-caption' id='gallery-1-2964'>\n\t\t\t\tAm Bild sehen Sie wie ein Forscher Wurzeln von Weinst\u00f6cken exakt abzeichnet\n\t\t\t\t<\/dd><\/dl><br style=\"clear: both\" \/><dl class='gallery-item'>\n\t\t\t<dt class='gallery-icon landscape'>\n\t\t\t\t<a href='https:\/\/www.garteln-in-wien.at\/plain_d\/paradeiservielfalt-2\/'><img loading=\"lazy\" decoding=\"async\" width=\"150\" height=\"150\" src=\"https:\/\/www.garteln-in-wien.at\/wp-content\/uploads\/2016\/07\/Paradeiservielfalt-150x150.jpg\" class=\"attachment-thumbnail size-thumbnail\" alt=\"\" aria-describedby=\"gallery-1-3025\" \/><\/a>\n\t\t\t<\/dt>\n\t\t\t\t<dd class='wp-caption-text gallery-caption' id='gallery-1-3025'>\n\t\t\t\tAm Bild sehen Sie einen Jungen, der einen gro\u00dfen Korb mit Tomaten h\u00e4lt. Die Tomaten sind vom \u201cGarten der Vielfalt\u201d\n\t\t\t\t<\/dd><\/dl><dl class='gallery-item'>\n\t\t\t<dt class='gallery-icon landscape'>\n\t\t\t\t<a href='https:\/\/www.garteln-in-wien.at\/plain_d\/was-passiert-wenn-der-wind-geht-2\/'><img loading=\"lazy\" decoding=\"async\" width=\"150\" height=\"150\" src=\"https:\/\/www.garteln-in-wien.at\/wp-content\/uploads\/2016\/07\/Was-passiert-wenn-der-Wind-geht-150x150.jpg\" class=\"attachment-thumbnail size-thumbnail\" alt=\"\" aria-describedby=\"gallery-1-3023\" \/><\/a>\n\t\t\t<\/dt>\n\t\t\t\t<dd class='wp-caption-text gallery-caption' id='gallery-1-3023'>\n\t\t\t\tAm Bild sehen Sie Kinder, die sich Ausstellungs-St\u00fccke zum Thema Boden ausprobieren\n\t\t\t\t<\/dd><\/dl><dl class='gallery-item'>\n\t\t\t<dt class='gallery-icon landscape'>\n\t\t\t\t<a href='https:\/\/www.garteln-in-wien.at\/plain_d\/117_20170606_cschedl_kwp-2\/'><img loading=\"lazy\" decoding=\"async\" width=\"150\" height=\"150\" src=\"https:\/\/www.garteln-in-wien.at\/wp-content\/uploads\/2017\/06\/117_20170606_cschedl_kwp-150x150.jpg\" class=\"attachment-thumbnail size-thumbnail\" alt=\"\" aria-describedby=\"gallery-1-3190\" \/><\/a>\n\t\t\t<\/dt>\n\t\t\t\t<dd class='wp-caption-text gallery-caption' id='gallery-1-3190'>\n\t\t\t\tAm Bild sehen Sie eine Frau und einen Mann, die Bodentiere  in einem Mikroskop ansehen\n\t\t\t\t<\/dd><\/dl><br style=\"clear: both\" \/>\n\t\t<\/div>\n\n<p>Gef\u00f6rdert durch:<\/p>\n<p><img loading=\"lazy\" decoding=\"async\" class=\"alignnone size-full wp-image-4130\" src=\"https:\/\/www.garteln-in-wien.at\/wp-content\/uploads\/2023\/03\/MA49-Snipping-tool.png\" alt=\"\" width=\"366\" height=\"104\" \/><\/p>\n","protected":false},"excerpt":{"rendered":"<p>Die Bio Forschung Austria geh\u00f6rt zu keiner Universit\u00e4t und ist nicht gewinn-orientiert. Sie ist ein Forschungs-Institut und arbeitet mit der<\/p>\n","protected":false},"author":3,"featured_media":2547,"parent":0,"menu_order":0,"comment_status":"closed","ping_status":"closed","template":"","meta":{"footnotes":""},"class_list":["post-2545","page","type-page","status-publish","has-post-thumbnail","hentry"],"_links":{"self":[{"href":"https:\/\/www.garteln-in-wien.at\/plain_d\/wp-json\/wp\/v2\/pages\/2545","targetHints":{"allow":["GET"]}}],"collection":[{"href":"https:\/\/www.garteln-in-wien.at\/plain_d\/wp-json\/wp\/v2\/pages"}],"about":[{"href":"https:\/\/www.garteln-in-wien.at\/plain_d\/wp-json\/wp\/v2\/types\/page"}],"author":[{"embeddable":true,"href":"https:\/\/www.garteln-in-wien.at\/plain_d\/wp-json\/wp\/v2\/users\/3"}],"replies":[{"embeddable":true,"href":"https:\/\/www.garteln-in-wien.at\/plain_d\/wp-json\/wp\/v2\/comments?post=2545"}],"version-history":[{"count":21,"href":"https:\/\/www.garteln-in-wien.at\/plain_d\/wp-json\/wp\/v2\/pages\/2545\/revisions"}],"predecessor-version":[{"id":4878,"href":"https:\/\/www.garteln-in-wien.at\/plain_d\/wp-json\/wp\/v2\/pages\/2545\/revisions\/4878"}],"wp:featuredmedia":[{"embeddable":true,"href":"https:\/\/www.garteln-in-wien.at\/plain_d\/wp-json\/wp\/v2\/media\/2547"}],"wp:attachment":[{"href":"https:\/\/www.garteln-in-wien.at\/plain_d\/wp-json\/wp\/v2\/media?parent=2545"}],"curies":[{"name":"wp","href":"https:\/\/api.w.org\/{rel}","templated":true}]}}