{"id":2606,"date":"2016-06-12T16:40:23","date_gmt":"2016-06-12T14:40:23","guid":{"rendered":"https:\/\/www.garteln-in-wien.at\/gemuese-kaufen\/"},"modified":"2024-05-16T13:41:05","modified_gmt":"2024-05-16T11:41:05","slug":"gemuese-kaufen","status":"publish","type":"page","link":"https:\/\/www.garteln-in-wien.at\/plain_d\/gemuese-kaufen\/","title":{"rendered":"Regionales Gem\u00fcse kaufen"},"content":{"rendered":"<p>Regionales Gem\u00fcse bedeutet:<\/p>\n<p>Das Gem\u00fcse w\u00e4chst in der N\u00e4he und<br \/>\nwird nicht lange transportiert.<\/p>\n<p>In diesem Text finden Sie allgemeine Informationen.<br \/>\nWenn Sie \u00fcber etwas mehr wissen wollen, klicken Sie auf das gr\u00fcne Wort.<\/p>\n<p>Hier k\u00f6nnen Sie regionales Gem\u00fcse kaufen:<\/p>\n<ul>\n<li><a href=\"https:\/\/www.garteln-in-wien.at\/plain_d\/lebensmittelmaerkte\/\"><strong>Wiener M\u00e4rkte<\/strong><\/a><\/li>\n<li><a href=\"https:\/\/www.garteln-in-wien.at\/plain_d\/stadtlandwirtschaft-wien\/\" target=\"_blank\" rel=\"noopener noreferrer\"><strong>Produkte aus Wien<\/strong><\/a> von Wiener G\u00e4rtnereien und Bauernh\u00f6fen.<br \/>\nSie kaufen das Gem\u00fcse direkt vom Bauernhof.<\/li>\n<li><strong><a href=\"https:\/\/www.garteln-in-wien.at\/plain_d\/biomaps\/\" target=\"_blank\" rel=\"noopener noreferrer\">Biologische Bauernh\u00f6fe<\/a><\/strong><\/li>\n<li><strong><a href=\"https:\/\/www.garteln-in-wien.at\/plain_d\/bio-kisterl-anbieter-mit-liefergebiet-wien\/\" target=\"_blank\" rel=\"noopener noreferrer\">Bio-Kisterl<\/a><\/strong><br \/>\nKisten mit biologischen Lebens-Mitteln.<\/li>\n<li>Projekte zur \u201e<strong><a href=\"https:\/\/www.garteln-in-wien.at\/plain_d\/csa\/\" target=\"_blank\" rel=\"noopener noreferrer\">Gemeinsame Landwirtschaft<\/a><\/strong>\u201c<br \/>\nHier bekommen Sie eine Kiste mit Gem\u00fcse<br \/>\noder Sie w\u00e4hlen das Gem\u00fcse selbst aus.<\/li>\n<li><a href=\"https:\/\/www.garteln-in-wien.at\/plain_d\/food-coops\/\" target=\"_blank\" rel=\"noopener noreferrer\"><strong>Food Coops<\/strong><\/a><br \/>\noder auch Food Cooperatives.<br \/>\nHier kaufen Mitglieder Gem\u00fcse und Brot direkt bei<br \/>\nden Produzentinnen und Produzenten.<br \/>\nSie sammeln die Nahrungs-Mittel in einem gemeinsamen Raum.<br \/>\nVon dort holen die Mitglieder die Nahrungs-Mittel ab.<\/li>\n<li><a href=\"https:\/\/www.garteln-in-wien.at\/plain_d\/?page_id=4660\" target=\"_blank\" rel=\"noopener noreferrer\"><strong>Alternative Superm\u00e4rkte<\/strong><\/a><br \/>\nIn Mitmach-Superm\u00e4rkten arbeiten die Kunden mit oder beteiligen sich.<\/li>\n<\/ul>\n<p>&nbsp;<\/p>\n<hr \/>\n<p>Die Webseite wird immer wieder \u00fcberarbeitet.<br \/>\nEs k\u00f6nnen neue Inhalte dazukommen.<br \/>\nDie Aufz\u00e4hlungen sind deshalb nicht vollst\u00e4ndig.<\/p>\n<p>F\u00fcr den Inhalte von anderen Webseiten sind wir nicht verantwortlich.<br \/>\nWir sind rechtlich nicht f\u00fcr den Inhalt und die Aussagen von anderen Webseiten verantwortlich.<\/p>\n","protected":false},"excerpt":{"rendered":"<p>Regionales Gem\u00fcse bedeutet: Das Gem\u00fcse w\u00e4chst in der N\u00e4he und wird nicht lange transportiert. In diesem Text finden Sie allgemeine<\/p>\n","protected":false},"author":2,"featured_media":3619,"parent":0,"menu_order":0,"comment_status":"closed","ping_status":"closed","template":"","meta":{"footnotes":""},"class_list":["post-2606","page","type-page","status-publish","has-post-thumbnail","hentry"],"_links":{"self":[{"href":"https:\/\/www.garteln-in-wien.at\/plain_d\/wp-json\/wp\/v2\/pages\/2606","targetHints":{"allow":["GET"]}}],"collection":[{"href":"https:\/\/www.garteln-in-wien.at\/plain_d\/wp-json\/wp\/v2\/pages"}],"about":[{"href":"https:\/\/www.garteln-in-wien.at\/plain_d\/wp-json\/wp\/v2\/types\/page"}],"author":[{"embeddable":true,"href":"https:\/\/www.garteln-in-wien.at\/plain_d\/wp-json\/wp\/v2\/users\/2"}],"replies":[{"embeddable":true,"href":"https:\/\/www.garteln-in-wien.at\/plain_d\/wp-json\/wp\/v2\/comments?post=2606"}],"version-history":[{"count":7,"href":"https:\/\/www.garteln-in-wien.at\/plain_d\/wp-json\/wp\/v2\/pages\/2606\/revisions"}],"predecessor-version":[{"id":4934,"href":"https:\/\/www.garteln-in-wien.at\/plain_d\/wp-json\/wp\/v2\/pages\/2606\/revisions\/4934"}],"wp:featuredmedia":[{"embeddable":true,"href":"https:\/\/www.garteln-in-wien.at\/plain_d\/wp-json\/wp\/v2\/media\/3619"}],"wp:attachment":[{"href":"https:\/\/www.garteln-in-wien.at\/plain_d\/wp-json\/wp\/v2\/media?parent=2606"}],"curies":[{"name":"wp","href":"https:\/\/api.w.org\/{rel}","templated":true}]}}