{"id":2628,"date":"2017-07-27T13:02:36","date_gmt":"2017-07-27T11:02:36","guid":{"rendered":"https:\/\/www.garteln-in-wien.at\/links\/"},"modified":"2020-11-01T10:22:55","modified_gmt":"2020-11-01T09:22:55","slug":"links","status":"publish","type":"page","link":"https:\/\/www.garteln-in-wien.at\/plain_d\/links\/","title":{"rendered":"N\u00fctzliche Links"},"content":{"rendered":"<ul>\n<li class=\"bde-stx-wrapper\"><a href=\"http:\/\/www.biologisch-gaertnern.at\" target=\"_blank\" rel=\"noopener noreferrer\">www.biologisch-gaertnern.at<\/a><br \/>\nInformationen zum biologischen G\u00e4rtnern und wo Sie<br \/>\nbiologisches Saat-Gut kaufen k\u00f6nnen.<br \/>\nDatenbank mit Produkten, die gut f\u00fcr biologischen Garten-Bau sind.<\/li>\n<li class=\"bde-stx-wrapper\"><a href=\"http:\/\/www.garteln.info\" target=\"_blank\" rel=\"noopener noreferrer\">www.garteln.info<\/a><br \/>\nInformationen zu diesen Themen: Anbau, Krankheiten, Misch-Kultur<br \/>\nKalender f\u00fcr die richtige Aus-Saat, Pflege und Ernte von Gem\u00fcse, Beeren-Obst, Kr\u00e4uter und Gr\u00fcn-D\u00fcnger<\/li>\n<li class=\"bde-stx-wrapper\"><a href=\"http:\/\/www.gartenleben.at\" target=\"_blank\" rel=\"noopener noreferrer\">www.gartenleben.at<\/a><br \/>\nBeratung und Shop f\u00fcr biologisches G\u00e4rtnern<br \/>\nBio-Garten-CHECK App<\/li>\n<li class=\"bde-stx-wrapper\"><a href=\"http:\/\/www.bioinfo.at\" target=\"_blank\" rel=\"noopener noreferrer\">www.bioinfo.at<\/a><br \/>\nInformationen der AMA zu Biologischer Landwirtschaft.<br \/>\nAMA ist die Abk\u00fcrzung f\u00fcr Austria Agrarkultur. Es ist ein G\u00fcte-Siegel<br \/>\nf\u00fcr Lebens-Mittel. Sie sind nach bestimmten Regeln angebaut.<br \/>\nWorkshops, Tipps und Tricks<br \/>\nWettbewerb zu Tipps &amp; Tricks beim G\u00e4rtnern in der Stadt<\/li>\n<li class=\"bde-stx-wrapper\"><a href=\"http:\/\/www.biolebensmittel.at\" target=\"_blank\" rel=\"noopener noreferrer\">www.biolebensmittel.at<\/a><br \/>\nInformationen \u00fcber Bio-Lebens-Mittel, Kontrollen und Kennzeichnung<\/li>\n<li class=\"bde-stx-wrapper\"><strong>Gartengruppen auf Facebook<\/strong>\n<ul>\n<li><a href=\"https:\/\/www.facebook.com\/groups\/233101580385352\/?ref=br_rs\" target=\"_blank\" rel=\"noopener noreferrer\">Obst &amp; Gem\u00fcse im Garten, alles von der Aussaat bis zur Ernte<\/a><\/li>\n<li><a href=\"https:\/\/www.facebook.com\/groups\/126804284179917\/?ref=br_rs\" target=\"_blank\" rel=\"noopener noreferrer\">Pflanzen, Garten Flohmarkt<\/a><\/li>\n<li><a href=\"https:\/\/www.facebook.com\/groups\/Igelinformation\/?ref=br_rs\" target=\"_blank\" rel=\"noopener noreferrer\">Igelschutz-Wildtiere in meinem Garten!<\/a><\/li>\n<li><a href=\"https:\/\/www.facebook.com\/groups\/Hobbygaertner\/?ref=br_rs\" target=\"_blank\" rel=\"noopener noreferrer\">Wir sind Garten \u2013 Tipps von und f\u00fcr Hobbyg\u00e4rtner<\/a><\/li>\n<li><a href=\"https:\/\/www.facebook.com\/groups\/164073890289195\/?ref=br_rs\" target=\"_blank\" rel=\"noopener noreferrer\">Permakultur lernen<\/a><\/li>\n<li><a href=\"https:\/\/www.facebook.com\/groups\/5645373109\/?ref=br_rs\" target=\"_blank\" rel=\"noopener noreferrer\">Permakultur<\/a><\/li>\n<li><a href=\"https:\/\/www.facebook.com\/groups\/pflanzenbestimmen\/?ref=br_rs\" target=\"_blank\" rel=\"noopener noreferrer\">Pflanzen bestimmen \u2013 in Haus und Garten<\/a><\/li>\n<li><a href=\"https:\/\/www.facebook.com\/groups\/1779643629018270\/?ref=br_rs\" target=\"_blank\" rel=\"noopener noreferrer\">Garten Ideen die Gruppe<\/a><\/li>\n<li><a href=\"https:\/\/www.facebook.com\/groups\/995562637127049\/?ref=br_rs\" target=\"_blank\" rel=\"noopener noreferrer\">Ideen f\u00fcr Wohnen &amp; Garten<\/a><\/li>\n<li><a href=\"https:\/\/www.facebook.com\/groups\/201072243972953\/\" target=\"_blank\" rel=\"noopener noreferrer\">Urban Gardening in Wien<\/a><\/li>\n<li><a href=\"https:\/\/www.facebook.com\/groups\/2236074976722824\/\" target=\"_blank\" rel=\"noopener noreferrer\">G\u00e4rten Gestalten &#8211; F\u00fcr Mensch und Natur<\/a><\/li>\n<li><a href=\"https:\/\/www.facebook.com\/groups\/717222178298895\/\" target=\"_blank\" rel=\"noopener noreferrer\">\u00d6kologisch G\u00e4rtnern<\/a><\/li>\n<li><a href=\"https:\/\/www.facebook.com\/groups\/www.naturgarten.org\/\" target=\"_blank\" rel=\"noopener noreferrer\">Naturgartenforum<\/a><\/li>\n<li>und viele mehr \u2026<\/li>\n<\/ul>\n<\/li>\n<\/ul>\n<p>Die Webseite wird immer wieder \u00fcberarbeitet.<br \/>\nEs k\u00f6nnen neue Inhalte dazukommen.<br \/>\nDie Aufz\u00e4hlungen sind deshalb nicht vollst\u00e4ndig.<\/p>\n<p>F\u00fcr den Inhalte von anderen Webseiten sind wir nicht verantwortlich.<br \/>\nWir sind rechtlich nicht f\u00fcr den Inhalt und die Aussagen von anderen Webseiten verantwortlich.<\/p>\n<p>&nbsp;<\/p>\n","protected":false},"excerpt":{"rendered":"<p>www.biologisch-gaertnern.at Informationen zum biologischen G\u00e4rtnern und wo Sie biologisches Saat-Gut kaufen k\u00f6nnen. Datenbank mit Produkten, die gut f\u00fcr biologischen Garten-Bau<\/p>\n","protected":false},"author":3,"featured_media":2630,"parent":0,"menu_order":0,"comment_status":"closed","ping_status":"closed","template":"","meta":{"footnotes":""},"class_list":["post-2628","page","type-page","status-publish","has-post-thumbnail","hentry"],"_links":{"self":[{"href":"https:\/\/www.garteln-in-wien.at\/plain_d\/wp-json\/wp\/v2\/pages\/2628","targetHints":{"allow":["GET"]}}],"collection":[{"href":"https:\/\/www.garteln-in-wien.at\/plain_d\/wp-json\/wp\/v2\/pages"}],"about":[{"href":"https:\/\/www.garteln-in-wien.at\/plain_d\/wp-json\/wp\/v2\/types\/page"}],"author":[{"embeddable":true,"href":"https:\/\/www.garteln-in-wien.at\/plain_d\/wp-json\/wp\/v2\/users\/3"}],"replies":[{"embeddable":true,"href":"https:\/\/www.garteln-in-wien.at\/plain_d\/wp-json\/wp\/v2\/comments?post=2628"}],"version-history":[{"count":6,"href":"https:\/\/www.garteln-in-wien.at\/plain_d\/wp-json\/wp\/v2\/pages\/2628\/revisions"}],"predecessor-version":[{"id":3281,"href":"https:\/\/www.garteln-in-wien.at\/plain_d\/wp-json\/wp\/v2\/pages\/2628\/revisions\/3281"}],"wp:featuredmedia":[{"embeddable":true,"href":"https:\/\/www.garteln-in-wien.at\/plain_d\/wp-json\/wp\/v2\/media\/2630"}],"wp:attachment":[{"href":"https:\/\/www.garteln-in-wien.at\/plain_d\/wp-json\/wp\/v2\/media?parent=2628"}],"curies":[{"name":"wp","href":"https:\/\/api.w.org\/{rel}","templated":true}]}}