{"id":2641,"date":"2016-07-15T17:23:14","date_gmt":"2016-07-15T15:23:14","guid":{"rendered":"https:\/\/www.garteln-in-wien.at\/selbst-garteln\/"},"modified":"2024-05-16T13:28:22","modified_gmt":"2024-05-16T11:28:22","slug":"selbst-garteln","status":"publish","type":"page","link":"https:\/\/www.garteln-in-wien.at\/plain_d\/selbst-garteln\/","title":{"rendered":"Selbst Garteln"},"content":{"rendered":"<p>In Wien wohnen viele Menschen, die keinen eigenen Garten haben.<br \/>\nF\u00fcr diese Menschen gibt es viele M\u00f6glichkeiten zum G\u00e4rtnern.<\/p>\n<p>In diesem Text bekommen Sie allgemeine Informationen<br \/>\n\u00fcber die M\u00f6glichkeiten.<\/p>\n<p>Wenn Sie \u00fcber eine M\u00f6glichkeit mehr wissen wollen,<br \/>\nklicken Sie auf das gr\u00fcne Wort.<\/p>\n<h3>Hier sind einige M\u00f6glichkeiten zum G\u00e4rtnern:<\/h3>\n<p>Sie k\u00f6nnen ein St\u00fcck Land von einem Landwirtschafts-Betrieb mieten.<br \/>\nWir sagen <a href=\"https:\/\/www.garteln-in-wien.at\/plain_d\/gemuesepachtparzellen\/\" target=\"_blank\" rel=\"noopener noreferrer\"><strong>Gem\u00fcse-Pachtparzelle<\/strong><\/a>.<br \/>\nDas Land ist 20 bis 80 Quadratmeter gro\u00df.<br \/>\nSie mieten das St\u00fcck Land f\u00fcr eine Garten-Saison.<br \/>\nEinige Vermieterinnen und Vermieter<br \/>\ngeben Tipps f\u00fcr die Pflege.<br \/>\nAlle Betriebe arbeiten biologisch.<\/p>\n<p>Es gibt Menschen, die nicht im Superm\u00e4rkten einkaufen wollen.<br \/>\nDiese Menschen gr\u00fcnden<br \/>\neine <a href=\"https:\/\/www.garteln-in-wien.at\/plain_d\/cma\/\" target=\"_blank\" rel=\"noopener noreferrer\"><strong>Community Made Agriculture<\/strong> <\/a>(Abk\u00fcrzung: CMA).<br \/>\nSie pflanzen ihre eigenen Lebens-Mittel.<\/p>\n<p>Menschen, die gerne mit anderen Menschen im Garten arbeiten,<br \/>\ngr\u00fcnden einen <strong><a href=\"https:\/\/www.garteln-in-wien.at\/plain_d\/gemeinschaftsgaerten-2\/\" target=\"_blank\" rel=\"noopener noreferrer\">Gemeinschafts-Garten<\/a>.<br \/>\n<\/strong>Oder sie gehen zu einem Gemeinschafts-Garten dazu.<br \/>\nHier kommen oft Menschen aus verschiedenen Kulturen<br \/>\nund Generationen zusammen.<br \/>\nDie Stadt oder private Organisationen helfen dabei.<\/p>\n<p>Menschen, die im <a href=\"https:\/\/www.garteln-in-wien.at\/plain_d\/garteln-in-wiener-gemeindebauten\/\" target=\"_blank\" rel=\"noopener noreferrer\"><strong>Gemeindebau<\/strong> <\/a>wohnen haben<br \/>\nverschiedene M\u00f6glichkeiten zum G\u00e4rtnern.<br \/>\nZum Beispiel:<br \/>\nMieterInnen-Beet, Hoch-Beet oder<br \/>\nGemeinschafts-G\u00e4rten.<br \/>\nHilfe bekommen die Bewohnerinnen und Bewohner<br \/>\nbeim wohnpartner.<\/p>\n<p>Menschen, die ihre Umgebung verbessern oder versch\u00f6nern wollen<br \/>\nk\u00f6nnen \u201e<a href=\"https:\/\/www.garteln-in-wien.at\/plain_d\/garteln-ums-eck\/\" target=\"_blank\" rel=\"noopener noreferrer\"><strong>Garteln ums Eck<\/strong><\/a>\u201c machen.<br \/>\nWenn Menschen im Garten arbeiten sagen wir in Wien auch garteln.<br \/>\nBei \u201eGarteln ums Eck\u201c g\u00e4rtnern Sie auf einer Baum-Scheibe.<br \/>\nOder einem kleinen St\u00fcck Land, das sie selbst aussuchen.<\/p>\n<p>Es gibt auch Garten-Projekte auf \u00f6ffentlichen Pl\u00e4tzen.<br \/>\nDort k\u00f6nnen Sie ohne Anmeldung mithelfen.<br \/>\nZum Beispiel bei \u201e<a href=\"https:\/\/www.garteln-in-wien.at\/plain_d\/obst-im-oeffentlichen-raum\/\" target=\"_blank\" rel=\"noopener noreferrer\"><strong>Obst im \u00f6ffentlichen Raum<\/strong><\/a>\u201c.<\/p>\n<p><a href=\"https:\/\/www.garteln-in-wien.at\/plain_d\/gartenangebote-fuer-kinder\/\" target=\"_blank\" rel=\"noopener noreferrer\"><strong>Angebote f\u00fcr Kinder<\/strong><\/a> gibt es auch.<\/p>\n<p>Menschen, die <a href=\"https:\/\/www.garteln-in-wien.at\/plain_d\/wwoof-freiwillige-mithilfe-auf-bio-hoefen\/\" target=\"_blank\" rel=\"noopener noreferrer\"><strong>auf einem Bauernhof<\/strong><\/a> mithelfen m\u00f6chten<br \/>\nbekommen statt Geld Essen, k\u00f6nnen dort wohnen und mitarbeiten.<\/p>\n\n\t\t<style type=\"text\/css\">\n\t\t\t#gallery-1 {\n\t\t\t\tmargin: auto;\n\t\t\t}\n\t\t\t#gallery-1 .gallery-item {\n\t\t\t\tfloat: left;\n\t\t\t\tmargin-top: 10px;\n\t\t\t\ttext-align: center;\n\t\t\t\twidth: 33%;\n\t\t\t}\n\t\t\t#gallery-1 img {\n\t\t\t\tborder: 2px solid #cfcfcf;\n\t\t\t}\n\t\t\t#gallery-1 .gallery-caption {\n\t\t\t\tmargin-left: 0;\n\t\t\t}\n\t\t\t\/* see gallery_shortcode() in wp-includes\/media.php *\/\n\t\t<\/style>\n\t\t<div id='gallery-1' class='gallery galleryid-2641 gallery-columns-3 gallery-size-thumbnail'><dl class='gallery-item'>\n\t\t\t<dt class='gallery-icon landscape'>\n\t\t\t\t<a href='https:\/\/www.garteln-in-wien.at\/plain_d\/7u2a6205-2\/'><img loading=\"lazy\" decoding=\"async\" width=\"150\" height=\"150\" src=\"https:\/\/www.garteln-in-wien.at\/wp-content\/uploads\/2016\/07\/7U2A6205-150x150.jpg\" class=\"attachment-thumbnail size-thumbnail\" alt=\"\" aria-describedby=\"gallery-1-3166\" \/><\/a>\n\t\t\t<\/dt>\n\t\t\t\t<dd class='wp-caption-text gallery-caption' id='gallery-1-3166'>\n\t\t\t\tAm Bild sehen Sie eine Gem\u00fcsepacht-Parzelle.\n\t\t\t\t<\/dd><\/dl><dl class='gallery-item'>\n\t\t\t<dt class='gallery-icon landscape'>\n\t\t\t\t<a href='https:\/\/www.garteln-in-wien.at\/plain_d\/temporaeres-gartenlabor-im-sonnwendviertel-b2c-media-2\/'><img loading=\"lazy\" decoding=\"async\" width=\"150\" height=\"150\" src=\"https:\/\/www.garteln-in-wien.at\/wp-content\/uploads\/2016\/07\/Tempor\u00e4res-Gartenlabor-im-Sonnwendviertel-\u00a9-b2c-media-150x150.jpg\" class=\"attachment-thumbnail size-thumbnail\" alt=\"\" aria-describedby=\"gallery-1-3159\" \/><\/a>\n\t\t\t<\/dt>\n\t\t\t\t<dd class='wp-caption-text gallery-caption' id='gallery-1-3159'>\n\t\t\t\tAm Bild sehen Sie ein Garten-Labor im Sonnenviertel.\u00a9 b2c media\n\t\t\t\t<\/dd><\/dl><dl class='gallery-item'>\n\t\t\t<dt class='gallery-icon landscape'>\n\t\t\t\t<a href='https:\/\/www.garteln-in-wien.at\/plain_d\/p1090348-2\/'><img loading=\"lazy\" decoding=\"async\" width=\"150\" height=\"150\" src=\"https:\/\/www.garteln-in-wien.at\/wp-content\/uploads\/2016\/07\/P1090348-150x150.jpg\" class=\"attachment-thumbnail size-thumbnail\" alt=\"\" aria-describedby=\"gallery-1-2990\" \/><\/a>\n\t\t\t<\/dt>\n\t\t\t\t<dd class='wp-caption-text gallery-caption' id='gallery-1-2990'>\n\t\t\t\tAm Bild seheb Sie Kinder beim Spielen auf einem Komposthaufen\n\t\t\t\t<\/dd><\/dl><br style=\"clear: both\" \/><dl class='gallery-item'>\n\t\t\t<dt class='gallery-icon landscape'>\n\t\t\t\t<a href='https:\/\/www.garteln-in-wien.at\/plain_d\/2012_10_18-sondar-cz-schulklasse-024\/'><img loading=\"lazy\" decoding=\"async\" width=\"150\" height=\"150\" src=\"https:\/\/www.garteln-in-wien.at\/wp-content\/uploads\/2016\/07\/2012_10_18-Sondar-CZ-Schulklasse-024-150x150.jpg\" class=\"attachment-thumbnail size-thumbnail\" alt=\"\" aria-describedby=\"gallery-1-2594\" \/><\/a>\n\t\t\t<\/dt>\n\t\t\t\t<dd class='wp-caption-text gallery-caption' id='gallery-1-2594'>\n\t\t\t\tSchulklasse (c) Bio Forschung Austria\n\t\t\t\t<\/dd><\/dl><dl class='gallery-item'>\n\t\t\t<dt class='gallery-icon landscape'>\n\t\t\t\t<a href='https:\/\/www.garteln-in-wien.at\/plain_d\/garteln-ums-eck\/baumscheibe-ma-25\/'><img loading=\"lazy\" decoding=\"async\" width=\"150\" height=\"150\" src=\"https:\/\/www.garteln-in-wien.at\/wp-content\/uploads\/2016\/07\/Baumscheibe-\u00a9-MA-25-150x150.jpg\" class=\"attachment-thumbnail size-thumbnail\" alt=\"\" aria-describedby=\"gallery-1-2584\" \/><\/a>\n\t\t\t<\/dt>\n\t\t\t\t<dd class='wp-caption-text gallery-caption' id='gallery-1-2584'>\n\t\t\t\tAm Bild sehen Sie eine bepflanzte Baum-Scheibe. \u00a9 MA 25\n\t\t\t\t<\/dd><\/dl><dl class='gallery-item'>\n\t\t\t<dt class='gallery-icon portrait'>\n\t\t\t\t<a href='https:\/\/www.garteln-in-wien.at\/plain_d\/beispiel-fuer-kreative-pflanzgefaessgestaltung-b2c-media-2\/'><img loading=\"lazy\" decoding=\"async\" width=\"150\" height=\"150\" src=\"https:\/\/www.garteln-in-wien.at\/wp-content\/uploads\/2016\/07\/Beispiel-f\u00fcr-kreative-Pflanzgef\u00e4\u00dfgestaltung-\u00a9-b2c-media-150x150.jpg\" class=\"attachment-thumbnail size-thumbnail\" alt=\"\" aria-describedby=\"gallery-1-3157\" \/><\/a>\n\t\t\t<\/dt>\n\t\t\t\t<dd class='wp-caption-text gallery-caption' id='gallery-1-3157'>\n\t\t\t\tAm Bild sehen Sie ein selbstgebautes Pflanzen-Gef\u00e4\u00df. \u00a9 b2c media\n\t\t\t\t<\/dd><\/dl><br style=\"clear: both\" \/>\n\t\t<\/div>\n\n<p>&nbsp;<\/p>\n<hr \/>\n<p>Die Webseite wird immer wieder \u00fcberarbeitet.<br \/>\nEs k\u00f6nnen neue Inhalte dazukommen.<br \/>\nDie Aufz\u00e4hlungen sind deshalb nicht vollst\u00e4ndig.<\/p>\n<p>F\u00fcr den Inhalte von anderen Webseiten sind wir nicht verantwortlich.<br \/>\nWir sind rechtlich nicht f\u00fcr den Inhalt und die Aussagen von anderen Webseiten verantwortlich.<\/p>\n<p>&nbsp;<\/p>\n","protected":false},"excerpt":{"rendered":"<p>In Wien wohnen viele Menschen, die keinen eigenen Garten haben. F\u00fcr diese Menschen gibt es viele M\u00f6glichkeiten zum G\u00e4rtnern. In<\/p>\n","protected":false},"author":3,"featured_media":2643,"parent":0,"menu_order":0,"comment_status":"closed","ping_status":"closed","template":"","meta":{"footnotes":""},"class_list":["post-2641","page","type-page","status-publish","has-post-thumbnail","hentry"],"_links":{"self":[{"href":"https:\/\/www.garteln-in-wien.at\/plain_d\/wp-json\/wp\/v2\/pages\/2641","targetHints":{"allow":["GET"]}}],"collection":[{"href":"https:\/\/www.garteln-in-wien.at\/plain_d\/wp-json\/wp\/v2\/pages"}],"about":[{"href":"https:\/\/www.garteln-in-wien.at\/plain_d\/wp-json\/wp\/v2\/types\/page"}],"author":[{"embeddable":true,"href":"https:\/\/www.garteln-in-wien.at\/plain_d\/wp-json\/wp\/v2\/users\/3"}],"replies":[{"embeddable":true,"href":"https:\/\/www.garteln-in-wien.at\/plain_d\/wp-json\/wp\/v2\/comments?post=2641"}],"version-history":[{"count":12,"href":"https:\/\/www.garteln-in-wien.at\/plain_d\/wp-json\/wp\/v2\/pages\/2641\/revisions"}],"predecessor-version":[{"id":4929,"href":"https:\/\/www.garteln-in-wien.at\/plain_d\/wp-json\/wp\/v2\/pages\/2641\/revisions\/4929"}],"wp:featuredmedia":[{"embeddable":true,"href":"https:\/\/www.garteln-in-wien.at\/plain_d\/wp-json\/wp\/v2\/media\/2643"}],"wp:attachment":[{"href":"https:\/\/www.garteln-in-wien.at\/plain_d\/wp-json\/wp\/v2\/media?parent=2641"}],"curies":[{"name":"wp","href":"https:\/\/api.w.org\/{rel}","templated":true}]}}