{"id":2654,"date":"2016-06-12T16:39:50","date_gmt":"2016-06-12T14:39:50","guid":{"rendered":"https:\/\/www.garteln-in-wien.at\/organisationen\/"},"modified":"2024-05-16T12:36:13","modified_gmt":"2024-05-16T10:36:13","slug":"organisationen","status":"publish","type":"page","link":"https:\/\/www.garteln-in-wien.at\/plain_d\/organisationen\/","title":{"rendered":"Organisationen"},"content":{"rendered":"<h2>Allgemeine Informationen<\/h2>\n<p><strong>\u00a0<\/strong>Hier finden Sie Organisationen in Wien,<br \/>\ndie Angebote zum G\u00e4rtnern haben.<\/p>\n<p>Wenn Sie eine Organisation interessiert, klicken Sie auf das gr\u00fcne Wort.<\/p>\n<p>G\u00e4rtnern in der Gro\u00dfstadt ist modern:<br \/>\nImmer mehr Menschen, die in Wien wohnen wollen selbst<br \/>\nGem\u00fcse anbauen und ernten.<br \/>\nEs gibt viele M\u00f6glichkeiten.<\/p>\n<p>Zum Beispiel in Gemeinschafts-G\u00e4rten<br \/>\noder auf einem St\u00fcck Land, das man mietet und bepflanzt.<\/p>\n<p>Die Stelle, wo alle Informationen zusammenlaufen<br \/>\nhei\u00dft: <a href=\"https:\/\/www.bioforschung.at\/\" target=\"_blank\" rel=\"noopener noreferrer\"><strong>Bio Forschung Austria<\/strong><\/a>.<\/p>\n<p>Hier bekommen Sie alle Informationen zum Projekt \u201e<a href=\"https:\/\/www.garteln-in-wien.at\/plain_d\/garteln-in-wien-bio-forschung-austria\/\" target=\"_blank\" rel=\"noopener noreferrer\">Garteln in Wien<\/a>\u201c.<br \/>\nUnd Sie erfahren, wo sie frisches Gem\u00fcse kaufen k\u00f6nnen.<\/p>\n<p>Wenn Menschen im Garten arbeiten sagen wir in Wien auch garteln.<br \/>\nDeshalb hei\u00dft unser Projekt \u201eGarteln in Wien\u201c.<\/p>\n<p>In Wien wohnen viele Menschen, die keinen eigenen Garten haben.<br \/>\nF\u00fcr diese Menschen gibt es viele Angebote zum G\u00e4rtnern.<br \/>\nViele davon sind von der Stadt Wien.<\/p>\n<p><strong>Hier einige Beispiele:<\/strong><\/p>\n<ul>\n<li><a href=\"https:\/\/www.wien.gv.at\/umwelt\/wald\/\" target=\"_blank\" rel=\"noopener noreferrer\">Die Magistrats Abteilung 49 \u2013 Stadt Wien \u2013 Forst und Landwirtschaftsbetriebe<\/a><br \/>\n(Abk\u00fcrzung: MA 49) vermietet ein St\u00fcck Land zum G\u00e4rtnern.<\/li>\n<li><a href=\"https:\/\/www.wien.gv.at\/advuew\/internet\/AdvPrSrv.asp?Layout=stelle&amp;Type=K&amp;stellecd=1995072711395446\" target=\"_blank\" rel=\"noopener noreferrer\">Die Magistratsabteilung 28 \u2013 Stra\u00dfenverwaltung und Stadtbau<\/a><br \/>\n(Abk\u00fcrzung: MA 28) verteilt Baum-Scheiben zum G\u00e4rtnern.<\/li>\n<li><a href=\"https:\/\/www.garteln-in-wien.at\/ma-42-wiener-stadtgaerten\/\" target=\"_blank\" rel=\"noopener noreferrer\">Die Magistratsabteilung 42 \u2013 die Wiener Stadtg\u00e4rten<\/a> (Abk\u00fcrzung: MA 42)<br \/>\nf\u00f6rdern einen Gemeinschafts-Garten pro Bezirk.<br \/>\nSie vermietet ein St\u00fcck Land im Park f\u00fcr Gemeinschafts-G\u00e4rten<br \/>\nund beantwortet Fragen zum <a href=\"https:\/\/www.wien.gv.at\/umwelt\/parks\/pflanzenschutz\/pflanzenschutz-gartenberatungen.html\">Pflanzen-Schutz<\/a>.<\/li>\n<\/ul>\n<p><strong>Ich will mehr Gr\u00fcn in meinem Stadt-Teil!<br \/>\n<\/strong>Die <a href=\"https:\/\/www.garteln-in-wien.at\/plain_d\/gebietsbetreuungen\/\" target=\"_blank\" rel=\"noopener noreferrer\">Gebietsbetreuung Stadterneuerung<\/a> (Abk\u00fcrzung: GB*).<br \/>\nund die <a href=\"https:\/\/www.garteln-in-wien.at\/plain_d\/agenda-21\/\" target=\"_blank\" rel=\"noopener noreferrer\">Lokale Agenda 21<\/a> helfen ihnen.<br \/>\nDie beiden Organisationen arbeiten mit der MA 42 und den Bezirken zusammen.<\/p>\n<p><strong>Ich wohne im Gemeindebau und will g\u00e4rtnern!<br \/>\n<\/strong>Sprechen Sie mit den <a href=\"https:\/\/www.garteln-in-wien.at\/plain_d\/wohnpartner\/\" target=\"_blank\" rel=\"noopener noreferrer\">wohnpartnern<\/a>.<\/p>\n<p><strong>Ich brauche Hilfe beim Aufbau meines Gemeinschafts-Gartens!<\/strong><br \/>\nBeratung und Hilfe bekommen Sie bei diesen Organisationen:<br \/>\n<a href=\"https:\/\/www.garteln-in-wien.at\/plain_d\/garteln-in-wien-bio-forschung-austria\/\" target=\"_blank\" rel=\"noopener noreferrer\">Bio Forschung Austria- Garteln in Wien<\/a><br \/>\n<a href=\"https:\/\/www.garteln-in-wien.at\/plain_d\/agenda-21\/\" target=\"_blank\" rel=\"noopener noreferrer\">Lokale Agenda 21<\/a><br \/>\n<a href=\"https:\/\/www.garteln-in-wien.at\/plain_d\/gebietsbetreuungen\/\" target=\"_blank\" rel=\"noopener noreferrer\">Gebietsbetreuung Stadterneuerungen (Abk\u00fcrzung: GB*)<\/a><br \/>\n<a href=\"https:\/\/www.garteln-in-wien.at\/plain_d\/wohnpartner\/\" target=\"_blank\" rel=\"noopener noreferrer\">wohnpartner (im Gemeindebau)<\/a><br \/>\n<a href=\"https:\/\/www.garteln-in-wien.at\/plain_d\/gartenpolylog\/\" target=\"_blank\" rel=\"noopener noreferrer\">Verein Gartenpolylog<\/a><\/p>\n<p><strong>Ich m\u00f6chte ein Geb\u00e4ude bepflanzen!<br \/>\n<\/strong>Die <a href=\"https:\/\/www.garteln-in-wien.at\/plain_d\/gruenstattgrau\/\" target=\"_blank\" rel=\"noopener noreferrer\">Gr\u00fcnStattGrau Forschungs- und Innovations-GmbH<\/a><br \/>\nbepflanzt Geb\u00e4ude.<\/p>\n<p><strong>Ich suche Informationen zum Thema G\u00e4rtnern!<br \/>\n<\/strong>Bei <a href=\"https:\/\/www.garteln-in-wien.at\/plain_d\/die-umweltberatung-wien\/\" target=\"_blank\" rel=\"noopener noreferrer\">DIE UMWELTBERATUNG<\/a> bekommen Sie Beratung, Brosch\u00fcren und Material.<br \/>\nWichtig ist, dass der Garten-Bau nachhaltig ist.<br \/>\nNachhaltig bedeutet: Ich will,<br \/>\ndass Menschen nach mir auf einer gesunden Erde leben.<\/p>\n<p>&nbsp;<\/p>\n<hr \/>\n<p>Die Webseite wird immer wieder \u00fcberarbeitet.<br \/>\nEs k\u00f6nnen neue Inhalte dazukommen.<br \/>\nDie Aufz\u00e4hlungen sind deshalb nicht vollst\u00e4ndig.<\/p>\n<p>F\u00fcr den Inhalte von anderen Webseiten sind wir nicht verantwortlich.<br \/>\nWir sind rechtlich nicht f\u00fcr den Inhalt und die Aussagen von anderen Webseiten verantwortlich.<\/p>\n<p>&nbsp;<\/p>\n<p>&nbsp;<\/p>\n","protected":false},"excerpt":{"rendered":"<p>Allgemeine Informationen \u00a0Hier finden Sie Organisationen in Wien, die Angebote zum G\u00e4rtnern haben. Wenn Sie eine Organisation interessiert, klicken Sie<\/p>\n","protected":false},"author":2,"featured_media":2655,"parent":0,"menu_order":0,"comment_status":"closed","ping_status":"closed","template":"","meta":{"footnotes":""},"class_list":["post-2654","page","type-page","status-publish","has-post-thumbnail","hentry"],"_links":{"self":[{"href":"https:\/\/www.garteln-in-wien.at\/plain_d\/wp-json\/wp\/v2\/pages\/2654","targetHints":{"allow":["GET"]}}],"collection":[{"href":"https:\/\/www.garteln-in-wien.at\/plain_d\/wp-json\/wp\/v2\/pages"}],"about":[{"href":"https:\/\/www.garteln-in-wien.at\/plain_d\/wp-json\/wp\/v2\/types\/page"}],"author":[{"embeddable":true,"href":"https:\/\/www.garteln-in-wien.at\/plain_d\/wp-json\/wp\/v2\/users\/2"}],"replies":[{"embeddable":true,"href":"https:\/\/www.garteln-in-wien.at\/plain_d\/wp-json\/wp\/v2\/comments?post=2654"}],"version-history":[{"count":7,"href":"https:\/\/www.garteln-in-wien.at\/plain_d\/wp-json\/wp\/v2\/pages\/2654\/revisions"}],"predecessor-version":[{"id":4923,"href":"https:\/\/www.garteln-in-wien.at\/plain_d\/wp-json\/wp\/v2\/pages\/2654\/revisions\/4923"}],"wp:featuredmedia":[{"embeddable":true,"href":"https:\/\/www.garteln-in-wien.at\/plain_d\/wp-json\/wp\/v2\/media\/2655"}],"wp:attachment":[{"href":"https:\/\/www.garteln-in-wien.at\/plain_d\/wp-json\/wp\/v2\/media?parent=2654"}],"curies":[{"name":"wp","href":"https:\/\/api.w.org\/{rel}","templated":true}]}}