{"id":2665,"date":"2017-05-04T12:45:21","date_gmt":"2017-05-04T10:45:21","guid":{"rendered":"https:\/\/www.garteln-in-wien.at\/wohnpartner\/"},"modified":"2025-06-17T11:28:21","modified_gmt":"2025-06-17T09:28:21","slug":"wohnpartner","status":"publish","type":"page","link":"https:\/\/www.garteln-in-wien.at\/plain_d\/wohnpartner\/","title":{"rendered":"wohnpartner"},"content":{"rendered":"<p>Seit 2011 k\u00f6nnen Bewohnerinnen und Bewohnern im Gemeindebau g\u00e4rtnern.<\/p>\n<p>Es gibt verschiedene M\u00f6glichkeiten.<\/p>\n<p>Zum Beispiel:<\/p>\n<p>Pflanzen-Beete, Mobile Beete oder<br \/>\nGemeinschafts-G\u00e4rten.<\/p>\n<p>wohnpartner begleitet und hilft Bewohnerinnen und Bewohner<br \/>\nbei ihren Ideen.<br \/>\nDer wohnpartner beantwortet Fragen zum Thema Best\u00e4tigungen, F\u00f6rderungen oder hilft bei Konflikte mit Nachbarinnen und Nachbarn.<\/p>\n<p>Das macht wohnpartner:<\/p>\n<ul>\n<li>Hilft bei diesen Fragen:<br \/>\nWie kann ich im Gemeindebau g\u00e4rtnern?<br \/>\nWelche Voraus-Setzungen gibt es?<br \/>\nWo muss ich Best\u00e4tigungen holen?<br \/>\nZu Best\u00e4tigung sagt man auch Genehmigung.<\/li>\n<li>Hilft bei der Kommunikation mit Beh\u00f6rden.<\/li>\n<li>Hilft bei den Voraus-Setzungen<\/li>\n<li>Hilft beim Organisieren von Veranstaltungen,<br \/>\ndamit Menschen im Gemeindebau informiert sind.<\/li>\n<li>Betreut Garten-Projekte, die schon fertig sind.<\/li>\n<li>Beratung \u00fcber F\u00f6rderungen und Sach-Spenden.<br \/>\nSach-Spenden sind zum Beispiel Werkzeug oder Jung-Pflanzen.<\/li>\n<li>Hilft beim Organisieren von Versammlungen und Festen<\/li>\n<li>Beratung zum G\u00e4rtnern.<br \/>\nZum Beispiel mit Workshops.<\/li>\n<li>Hilft bei Diskussionen oder Streitereien in der Gruppe.<\/li>\n<li>Wenn es Konflikten gibt hilft wohnpartner bei der L\u00f6sung.<\/li>\n<\/ul>\n<p>&nbsp;<\/p>\n<p>Links:<\/p>\n<ul>\n<li><a href=\"https:\/\/wohnpartner-wien.at\/mitmachen\/projekte\/naturvermittlung\">www.wohnpartner-wien.at\/mitmachen\/projekte\/naturvermittlung<\/a><\/li>\n<li><a href=\"https:\/\/wohnpartner-wien.at\/kontakt\">www.wohnpartner-wien.at\/kontakt<\/a><\/li>\n<\/ul>\n\n\t\t<style type=\"text\/css\">\n\t\t\t#gallery-1 {\n\t\t\t\tmargin: auto;\n\t\t\t}\n\t\t\t#gallery-1 .gallery-item {\n\t\t\t\tfloat: left;\n\t\t\t\tmargin-top: 10px;\n\t\t\t\ttext-align: center;\n\t\t\t\twidth: 33%;\n\t\t\t}\n\t\t\t#gallery-1 img {\n\t\t\t\tborder: 2px solid #cfcfcf;\n\t\t\t}\n\t\t\t#gallery-1 .gallery-caption {\n\t\t\t\tmargin-left: 0;\n\t\t\t}\n\t\t\t\/* see gallery_shortcode() in wp-includes\/media.php *\/\n\t\t<\/style>\n\t\t<div id='gallery-1' class='gallery galleryid-2665 gallery-columns-3 gallery-size-thumbnail'><dl class='gallery-item'>\n\t\t\t<dt class='gallery-icon landscape'>\n\t\t\t\t<a href='https:\/\/www.garteln-in-wien.at\/plain_d\/wohnpartner\/wohnpartner_gartltour\/'><img loading=\"lazy\" decoding=\"async\" width=\"150\" height=\"150\" src=\"https:\/\/www.garteln-in-wien.at\/wp-content\/uploads\/2017\/05\/wohnpartner_Gartltour-150x150.jpg\" class=\"attachment-thumbnail size-thumbnail\" alt=\"\" aria-describedby=\"gallery-1-2751\" \/><\/a>\n\t\t\t<\/dt>\n\t\t\t\t<dd class='wp-caption-text gallery-caption' id='gallery-1-2751'>\n\t\t\t\tAm Bild sehen Sie BewohnerInnen in einem Gemeindebau, die ein mobiles Beet betreuen. \u00a9 Stefan Zamisch\/Wohnservice Wien\n\t\t\t\t<\/dd><\/dl><dl class='gallery-item'>\n\t\t\t<dt class='gallery-icon landscape'>\n\t\t\t\t<a href='https:\/\/www.garteln-in-wien.at\/plain_d\/wohnpartner\/gartenfest-13\/'><img loading=\"lazy\" decoding=\"async\" width=\"150\" height=\"150\" src=\"https:\/\/www.garteln-in-wien.at\/wp-content\/uploads\/2017\/05\/Gartenfest-13-150x150.jpg\" class=\"attachment-thumbnail size-thumbnail\" alt=\"\" aria-describedby=\"gallery-1-2666\" \/><\/a>\n\t\t\t<\/dt>\n\t\t\t\t<dd class='wp-caption-text gallery-caption' id='gallery-1-2666'>\n\t\t\t\tAm Bild sehen Sie ein Gartenfest vom Gemeinschafts-Garten Kaderkapark im 17. Bezirk. \u00a9 Wohnservice Wien\n\t\t\t\t<\/dd><\/dl>\n\t\t\t<br style='clear: both' \/>\n\t\t<\/div>\n\n","protected":false},"excerpt":{"rendered":"<p>Seit 2011 k\u00f6nnen Bewohnerinnen und Bewohnern im Gemeindebau g\u00e4rtnern. Es gibt verschiedene M\u00f6glichkeiten. Zum Beispiel: Pflanzen-Beete, Mobile Beete oder Gemeinschafts-G\u00e4rten.<\/p>\n","protected":false},"author":3,"featured_media":2666,"parent":0,"menu_order":0,"comment_status":"closed","ping_status":"closed","template":"","meta":{"footnotes":""},"class_list":["post-2665","page","type-page","status-publish","has-post-thumbnail","hentry"],"_links":{"self":[{"href":"https:\/\/www.garteln-in-wien.at\/plain_d\/wp-json\/wp\/v2\/pages\/2665","targetHints":{"allow":["GET"]}}],"collection":[{"href":"https:\/\/www.garteln-in-wien.at\/plain_d\/wp-json\/wp\/v2\/pages"}],"about":[{"href":"https:\/\/www.garteln-in-wien.at\/plain_d\/wp-json\/wp\/v2\/types\/page"}],"author":[{"embeddable":true,"href":"https:\/\/www.garteln-in-wien.at\/plain_d\/wp-json\/wp\/v2\/users\/3"}],"replies":[{"embeddable":true,"href":"https:\/\/www.garteln-in-wien.at\/plain_d\/wp-json\/wp\/v2\/comments?post=2665"}],"version-history":[{"count":4,"href":"https:\/\/www.garteln-in-wien.at\/plain_d\/wp-json\/wp\/v2\/pages\/2665\/revisions"}],"predecessor-version":[{"id":5103,"href":"https:\/\/www.garteln-in-wien.at\/plain_d\/wp-json\/wp\/v2\/pages\/2665\/revisions\/5103"}],"wp:featuredmedia":[{"embeddable":true,"href":"https:\/\/www.garteln-in-wien.at\/plain_d\/wp-json\/wp\/v2\/media\/2666"}],"wp:attachment":[{"href":"https:\/\/www.garteln-in-wien.at\/plain_d\/wp-json\/wp\/v2\/media?parent=2665"}],"curies":[{"name":"wp","href":"https:\/\/api.w.org\/{rel}","templated":true}]}}