{"id":4318,"date":"2024-03-19T14:28:50","date_gmt":"2024-03-19T13:28:50","guid":{"rendered":"https:\/\/www.garteln-in-wien.at\/?page_id=4318"},"modified":"2025-01-07T11:50:20","modified_gmt":"2025-01-07T10:50:20","slug":"bio-kisterl-anbieter-mit-liefergebiet-wien","status":"publish","type":"page","link":"https:\/\/www.garteln-in-wien.at\/plain_d\/bio-kisterl-anbieter-mit-liefergebiet-wien\/","title":{"rendered":"Bio-Kisterl-Anbieter mit Liefergebiet Wien"},"content":{"rendered":"<p>Bio-Kisterln sind Kisten mit biologischen Lebens-Mitteln.<br \/>\nBio-Kisterl werden nach Hause geliefert.<br \/>\nEs gibt verschiedene Gr\u00f6\u00dfen und Inhalte.<br \/>\nManchmal k\u00f6nnen Sie den Inhalt selber aussuchen.<\/p>\n<p>Sie entscheiden, wie oft Sie eine Kiste haben wollen.<br \/>\nDie Lieferung kommt an einem bestimmten Tag in der Woche.<br \/>\nManche Bio-H\u00f6fe haben auch einen Hof-Laden.<br \/>\nDort k\u00f6nnen Sie die Kiste selber abholen.<\/p>\n<p>Nach Wien liefern derzeit folgende Anbieter:<\/p>\n<h2>Adamah Biohof<\/h2>\n<p><strong>Website:<\/strong> www.adamah.at<\/p>\n<p><strong>E-Mail: <\/strong>&#x62;&#x69;&#x6f;&#x68;&#x6f;&#102;&#64;&#97;&#100;ama&#x68;&#x2e;&#x61;&#x74;, <strong>Tel: <\/strong>02248\/2224<\/p>\n<hr \/>\n<h2>Bio Ferdl<\/h2>\n<p><strong>Website:<\/strong> www.bioferdl.at<\/p>\n<p><strong>E-Mail: <\/strong>&#111;&#x66;&#x66;i&#99;&#x65;&#64;&#98;&#x69;&#x6f;&#102;&#x65;&#x72;d&#108;&#x2e;a&#116;, <strong>Tel: <\/strong>07221\/90660<\/p>\n<hr \/>\n<h2>biofalkenKISTL<\/h2>\n<p><strong>Website:<\/strong> www.biofalken.net\/biofalkenkistl<\/p>\n<p><strong>E-Mail: <\/strong>biofal&#107;&#101;&#110;&#64;&#103;&#109;&#97;&#x69;&#x6c;&#x2e;&#x63;&#x6f;&#x6d;, <strong>Tel: <\/strong>0660\/5629055<\/p>\n<hr \/>\n<h2>Biogem\u00fcse Hopf<\/h2>\n<p><strong>Website:<\/strong> www.biogemuese-hopf.at<\/p>\n<p><strong>E-Mail: <\/strong>&#111;&#x66;&#x66;i&#99;&#x65;&#64;&#98;&#x69;&#x6f;&#103;&#x65;&#x6d;u&#101;&#x73;e&#45;&#x68;&#x6f;&#112;&#x66;&#x2e;a&#116;, <strong>Tel: <\/strong>0660\/833 8991<\/p>\n<hr \/>\n<h2>Bioigel<\/h2>\n<p><strong>Website:<\/strong> www.bioigel.at<\/p>\n<p><strong>E-Mail: <\/strong>&#111;&#x66;f&#x69;c&#101;&#x40;&#98;&#x69;o&#105;&#x67;&#101;&#x6c;&#46;&#x61;&#x74;, <strong>Tel: <\/strong>0650\/8718851<\/p>\n<hr \/>\n<h2>BIOMITTER OG<\/h2>\n<p><strong>Website:<\/strong> www.biomitter.at<\/p>\n<p><strong>E-Mail: <\/strong>&#111;&#102;&#x66;i&#99;&#x65;&#x40;b&#105;&#x6f;&#x6d;i&#116;&#x74;&#x65;r&#46;&#x61;&#x74;, <strong>Tel: <\/strong>02239\/342 81<\/p>\n<hr \/>\n<h2>Bioreisenb\u00e4uerinnen<\/h2>\n<p><strong>Website:<\/strong> www.kraeuteregg.at<\/p>\n<p><strong>E-Mail: <\/strong>bi&#111;&#114;&#101;&#x69;&#x73;&#x65;&#x6e;&#x62;ae&#117;&#101;&#114;&#x69;&#x6e;&#x40;&#x6b;&#x72;ae&#117;&#116;&#101;&#x72;&#x65;&#x67;&#x67;&#x2e;at, <strong>Tel: <\/strong>0676\/9712208 oder 0650\/3011766<\/p>\n<hr \/>\n<h2>Bio-Retterbox<\/h2>\n<p><strong>Website:<\/strong> www.afreshed.at<\/p>\n<p><strong>E-Mail: <\/strong>&#x69;&#x6e;&#x66;&#x6f;&#x40;&#x61;&#x66;&#x72;&#x65;&#x73;&#x68;&#x65;&#x64;&#x2e;&#x61;&#x74;, <strong>Tel: <\/strong>0732\/324005<\/p>\n<hr \/>\n<h2>BioSchatzkistl e.U. * Bio vom BioSchatzkistl bedeutet Fairness *<\/h2>\n<p><strong>Website:<\/strong> www.bioschatzkistl.at, Instagram: BioSchatzkistl, Facebook: BioSchatzkistl<\/p>\n<p><strong>E-Mail: <\/strong>office&#64;&#98;&#105;&#111;&#115;&#99;&#104;&#x61;&#x74;&#x7a;&#x6b;&#x69;&#x73;&#x74;&#x6c;&#x2e;&#x61;&#x74;, <strong>Tel: <\/strong>02167\/42530<\/p>\n<hr \/>\n<h2>Gutes vom Gutshof<\/h2>\n<p><strong>Website:<\/strong> www.gutesvomgutshof.at<\/p>\n<p><strong>E-Mail: <\/strong>&#x6f;&#102;&#102;i&#x63;&#x65;&#64;g&#x75;&#x74;&#101;s&#x76;&#x6f;&#109;g&#x75;&#x74;&#115;h&#x6f;&#x66;&#46;a&#x74;, <strong>Tel: <\/strong>0670\/406 0054<\/p>\n<hr \/>\n<h2>Land in Sicht<\/h2>\n<p><strong>Website:<\/strong> www.landinsicht.wien, www.facebook.com\/stadtbauernladen, Instagram: @landinsichtwien<\/p>\n<p><strong>E-Mail: <\/strong>&#x6c;&#x61;&#x6e;&#100;&#105;ns&#x69;&#x63;&#x68;&#116;&#46;lo&#x62;&#x61;&#x75;&#64;&#103;ma&#x69;&#x6c;&#x2e;&#99;&#111;m, <strong>Tel: <\/strong><\/p>\n<hr \/>\n<h2>Markta<\/h2>\n<p><strong>Website:<\/strong> www.markta.at<\/p>\n<p><strong>E-Mail: <\/strong>&#115;&#x75;&#x70;&#112;&#x6f;&#x72;&#116;&#x40;&#x6d;&#97;&#x72;&#x6b;&#116;&#x61;&#x2e;&#97;&#x74;, <strong>Tel: <\/strong>01\/4026870<\/p>\n<hr \/>\n<h2>Obsthaus<\/h2>\n<p><strong>Website:<\/strong> www.obsthaus.at<\/p>\n<p><strong>E-Mail: <\/strong>mail&#64;obsthaus&#46;at, <strong>Tel: <\/strong>01\/615 61 25<\/p>\n<hr \/>\n<h2>Paradeisa<\/h2>\n<p><strong>Website:<\/strong> www.paradeisa.at<\/p>\n<p><strong>E-Mail: <\/strong>&#105;&#110;&#x66;o&#64;&#x70;&#x61;r&#97;&#x64;&#x65;i&#115;&#x61;&#46;&#97;&#x74;, <strong>Tel: <\/strong>0681\/10 30 79 98<\/p>\n<hr \/>\n<h2>Waldviertler Gem\u00fcsemanufaktur<\/h2>\n<p><strong>Website:<\/strong> www.biogem\u00fcsemanufaktur.at<\/p>\n<p><strong>E-Mail: <\/strong>&#x70;&#x6f;&#115;&#116;&#64;&#x62;&#x69;&#x6f;&#103;&#101;m&#x75;&#x65;&#x73;&#101;&#109;a&#x6e;&#x75;&#x66;&#97;&#107;t&#x75;&#x72;&#x2e;&#97;t, <strong>Tel: <\/strong>0664\/333 88 93 (Iris Speiser)<\/p>\n<p>&nbsp;<\/p>\n<p>Weitere Infos auf der Website von &#8220;die umweltberatung&#8221;: <a href=\"http:\/\/www.umweltberatung.at\/biokistl-anbieterinnen-aus-oesterreich\" target=\"_blank\" rel=\"noopener noreferrer\"><strong>Liste der Bio-Kistl Anbieter<\/strong>.<\/a><\/p>\n<p>F\u00fcr den Inhalte von anderen Webseiten sind wir nicht verantwortlich.<br \/>\nWir sind rechtlich nicht f\u00fcr den Inhalt und die Aussagen von anderen Webseiten verantwortlich.<\/p>\n","protected":false},"excerpt":{"rendered":"<p>Bio-Kisterln sind Kisten mit biologischen Lebens-Mitteln. Bio-Kisterl werden nach Hause geliefert. Es gibt verschiedene Gr\u00f6\u00dfen und Inhalte. Manchmal k\u00f6nnen Sie<\/p>\n","protected":false},"author":12,"featured_media":2550,"parent":0,"menu_order":0,"comment_status":"closed","ping_status":"closed","template":"","meta":{"footnotes":""},"class_list":["post-4318","page","type-page","status-publish","has-post-thumbnail","hentry"],"_links":{"self":[{"href":"https:\/\/www.garteln-in-wien.at\/plain_d\/wp-json\/wp\/v2\/pages\/4318","targetHints":{"allow":["GET"]}}],"collection":[{"href":"https:\/\/www.garteln-in-wien.at\/plain_d\/wp-json\/wp\/v2\/pages"}],"about":[{"href":"https:\/\/www.garteln-in-wien.at\/plain_d\/wp-json\/wp\/v2\/types\/page"}],"author":[{"embeddable":true,"href":"https:\/\/www.garteln-in-wien.at\/plain_d\/wp-json\/wp\/v2\/users\/12"}],"replies":[{"embeddable":true,"href":"https:\/\/www.garteln-in-wien.at\/plain_d\/wp-json\/wp\/v2\/comments?post=4318"}],"version-history":[{"count":5,"href":"https:\/\/www.garteln-in-wien.at\/plain_d\/wp-json\/wp\/v2\/pages\/4318\/revisions"}],"predecessor-version":[{"id":5018,"href":"https:\/\/www.garteln-in-wien.at\/plain_d\/wp-json\/wp\/v2\/pages\/4318\/revisions\/5018"}],"wp:featuredmedia":[{"embeddable":true,"href":"https:\/\/www.garteln-in-wien.at\/plain_d\/wp-json\/wp\/v2\/media\/2550"}],"wp:attachment":[{"href":"https:\/\/www.garteln-in-wien.at\/plain_d\/wp-json\/wp\/v2\/media?parent=4318"}],"curies":[{"name":"wp","href":"https:\/\/api.w.org\/{rel}","templated":true}]}}