{"id":4339,"date":"2024-03-21T12:57:44","date_gmt":"2024-03-21T11:57:44","guid":{"rendered":"https:\/\/www.garteln-in-wien.at\/?page_id=4339"},"modified":"2024-04-30T11:22:30","modified_gmt":"2024-04-30T09:22:30","slug":"gartenangebote-fuer-kinder","status":"publish","type":"page","link":"https:\/\/www.garteln-in-wien.at\/plain_d\/gartenangebote-fuer-kinder\/","title":{"rendered":"Gartenangebote f\u00fcr Kinder"},"content":{"rendered":"<p>F\u00fcr Kinder gibt es in Wien viele M\u00f6glichkeiten zum G\u00e4rtnern.<\/p>\n<p><strong>Adressen von Angeboten f\u00fcr Kinder:<\/strong><\/p>\n<div id=\"bezirksfilter\" hide=\"true\"><div id=\"filter\"><a data-bezirk=\"0\">Ganz Wien<\/a><a data-bezirk=\"1\">1. Innere Stadt<\/a><a data-bezirk=\"2\">2. Leopoldstadt<\/a><a data-bezirk=\"3\">3. Landstra\u00dfe<\/a><a data-bezirk=\"4\">4. Wieden<\/a><a data-bezirk=\"5\">5. Margareten<\/a><a data-bezirk=\"6\">6. Mariahilf<\/a><a data-bezirk=\"7\">7. Neubau<\/a><a data-bezirk=\"8\">8. Josefstadt<\/a><a data-bezirk=\"9\">9. Alsergrund<\/a><a data-bezirk=\"10\">10. Favoriten<\/a><a data-bezirk=\"11\">11. Simmering<\/a><a data-bezirk=\"12\">12. Meidling<\/a><a data-bezirk=\"13\">13. Hietzing<\/a><a data-bezirk=\"14\">14. Penzing<\/a><a data-bezirk=\"15\">15. Rudolfsheim-F\u00fcnfhaus<\/a><a data-bezirk=\"16\">16. Ottakring<\/a><a data-bezirk=\"17\">17. Hernals<\/a><a data-bezirk=\"18\">18. W\u00e4hring<\/a><a data-bezirk=\"19\">19. D\u00f6bling<\/a><a data-bezirk=\"20\">20. Brigittenau<\/a><a data-bezirk=\"21\">21. Floridsdorf<\/a><a data-bezirk=\"22\">22. Donaustadt<\/a><a data-bezirk=\"23\">23. Liesing<\/a><a data-bezirk=\"2280\">Glinzendorf<\/a><a data-bezirk=\"2320\">Rannersdorf\/Schwechat<\/a><a data-bezirk=\"2340\">M&ouml;dling<\/a><\/div><p id=\"defaultMessage\">Bitte w\u00e4hlen Sie einen Bezirk<\/p><p id=\"noContentForThisDistrict\">F\u00fcr diesen Bezirk ist leider keine Information vorhanden.<\/p>\n<div id=\"bezirk_2\" class=\"bezirk\" data-bezirk=\"2\">\n<h2>City Farm Augarten<\/h2>\n<p>City Farm hei\u00dft auf Deutsch die Farm in der Stadt.<br \/>\n5 Jahre war die City Farm in Sch\u00f6nbrunn.<br \/>\nDann wurde sie in den Augarten verlegt.<\/p>\n<p>Dort hat die City Farm 4000 Quadratmeter Land.<br \/>\nEs wird biologisch bearbeitet.<br \/>\nEs gibt Lern-G\u00e4rten, Kinder-Beete und Themen-Beete.<br \/>\nDie City Farm nennt das \u201ePfad der Gem\u00fcse-Vielfalt\u201c.<br \/>\nPfad ist ein anderes Wort f\u00fcr Weg.<br \/>\nAuf diesem Pfad wachsen viele verschiedene Arten und Sorten von Pflanzen.<br \/>\nIm Supermarkt bekommt man diese Sorten nicht.<\/p>\n<p>Es gibt viele Kurse f\u00fcr Kinder, Jugendliche und Erwachsene<br \/>\nzum Thema Garten.<\/p>\n<ul>\n<li><strong>Adresse:<\/strong> Obere Augartenstra\u00dfe 1\/8, 1020 Wien<\/li>\n<li><strong>Organisation:<\/strong><br \/>\nCity Farm &#8211; Verein zur F\u00f6rderung von Urban Gardening,<br \/>\nGartenp\u00e4dagogik und \u00f6kologischer Bildung<\/li>\n<li><strong>Ziel-Gruppen:<\/strong><br \/>\nErwachsene, Kinder, Familien, Schul-Klassen, Kinderg\u00e4rten,<br \/>\nP\u00e4dagoginnen und P\u00e4dagogen<\/li>\n<li><strong>Veranstaltungen:<\/strong><br \/>\nKurse f\u00fcr Erwachsene, Kinder, Familien, Schulklassen, Kinderg\u00e4rten,<br \/>\nP\u00e4dagoginnen und P\u00e4dagogen<\/li>\n<li><strong>Rarit\u00e4tenb\u00f6rse.<\/strong><br \/>\nDort k\u00f6nnen Sie seltene Pflanzen kaufen.<\/li>\n<li><strong>Kontakt<\/strong>:\n<ul>\n<li><strong>E-Mail:<\/strong> <a href=\"&#x6d;&#97;i&#x6c;&#x74;&#111;:&#x69;&#110;f&#x6f;&#x40;&#99;i&#x74;&#121;f&#x61;&#x72;&#109;&#46;&#x77;&#x69;&#101;&#x6e;\" target=\"_blank\" rel=\"noopener noreferrer\">&#x69;&#x6e;&#x66;&#111;&#64;&#99;it&#x79;&#x66;&#x61;&#x72;&#109;&#46;wi&#x65;&#x6e;<\/a><\/li>\n<li><strong>Webseite: <\/strong><a href=\"http:\/\/www.cityfarm.wien\/\" target=\"_blank\" rel=\"noopener noreferrer\">cityfarm.wien<\/a><\/li>\n<li><strong>Telefon:<\/strong> 0660 66 48 450<\/li>\n<\/ul>\n<\/li>\n<\/ul>\n<\/div>\n<div id=\"bezirk_5\" class=\"bezirk\" data-bezirk=\"5\">\n<h2>Kinder-Garten! &#8211; P\u00e4dagogikgarten<\/h2>\n<p>Hier erleben Kinder, dass man Pflanzen pflegen muss.<br \/>\nSie erfahren, dass es Zeit braucht bis Pflanzen reif sind.<br \/>\nDas gr\u00f6\u00dfte Erlebnis f\u00fcr Kinder ist die Ernte.<br \/>\nDer P\u00e4dagogikgarten ist f\u00fcr Kinder in der Stadt wichtig.<br \/>\nSie sehen woher Obst und Gem\u00fcse kommt.<br \/>\nDer Garten kann auch besichtigt werden.<\/p>\n<ul>\n<li><strong>Adresse: <\/strong>Sch\u00fctte-Lihotzky-Park, 1050 Wien<\/li>\n<li><strong>Gr\u00f6\u00dfe:<\/strong> 5 Kinderhochbeete<\/li>\n<li><strong>Anbieter: <\/strong>GB*Ost Bezirksvorstehung, MA 42<\/li>\n<li><strong>Besteht seit:<\/strong> 2015<\/li>\n<li><strong>Ziel-Gruppe:<\/strong> Kindergruppen von KIWI, Kleiner Stern Abendstern<\/li>\n<li><strong>Das wird angebaut: <\/strong>\n<ul>\n<li>Gem\u00fcse-, Kr\u00e4uter- und Blumenbeet<\/li>\n<\/ul>\n<\/li>\n<li><strong>Veranstaltungen:<\/strong>\n<ul>\n<li>Fr\u00fchlingsfest<\/li>\n<\/ul>\n<\/li>\n<li><strong>Kontakt<\/strong>:\n<ul>\n<li><strong>E-Mail:<\/strong> <a href=\"&#109;&#x61;&#105;&#x6c;&#116;&#x6f;:&#x6f;s&#116;&#x40;&#103;&#x62;&#115;&#x74;e&#x72;n&#46;&#x61;&#116;\" target=\"_blank\" rel=\"noopener noreferrer\">os&#116;&#64;&#x67;&#x62;&#x73;&#x74;er&#110;&#46;&#x61;&#x74;<\/a><\/li>\n<\/ul>\n<\/li>\n<\/ul>\n<\/div>\n<div id=\"bezirk_10\" class=\"bezirk\" data-bezirk=\"10\">\n<h2><strong>Naschgarten<\/strong><strong><br \/>\n<\/strong><strong>Vom Samen bis zu fertigen Speise<\/strong><\/h2>\n<p>Der Naschgarten ist im 10. Bezirk.<br \/>\nDer Naschgarten ist ein Verein,<br \/>\nder Kindern zeigt wie Obst und Gem\u00fcse w\u00e4chst.<br \/>\nDie Kinder m\u00fcssen zwischen 2 und 14 Jahre alt sein.<br \/>\nGemeinsam s\u00e4en sie Samen aus,<br \/>\npflanzen Gem\u00fcse, ernten, kochen und genie\u00dfen.<br \/>\nDabei lernen die Kinder wie Lebensmittel wachsen<br \/>\nund was man mit ihnen kochen kann.<\/p>\n<p><strong>Das sind die Angebote:<\/strong><\/p>\n<ul>\n<li>G\u00e4rtnern und Kochen f\u00fcr Schulklassen und Kindergarten-Gruppen.<br \/>\nEin Jahr lang am Vormittag.<\/li>\n<li>Garten-Kurse und Koch-Kurse<br \/>\nf\u00fcr Kinder am Nachmittag<\/li>\n<li>Geburtstagsfeste f\u00fcr Kinder<\/li>\n<li>Ferien-Camps f\u00fcr Kinder<\/li>\n<li>Feste f\u00fcr jede Jahres-Zeit<\/li>\n<\/ul>\n<ul>\n<li><strong>Adresse:<\/strong> Rosiwalgasse 37, neben dem Zukunftshof, 1100 Wien<\/li>\n<li><strong>Anbieter:<\/strong> Naschgarten \u2013 Verein f\u00fcr praktisch orientierte Natur- und Gesundheitsbildung<\/li>\n<li><strong>Kontakt:<\/strong>\n<ul>\n<li><strong>Webseite:<\/strong> <a href=\"http:\/\/www.naschgarten.org\" target=\"_blank\" rel=\"noopener\">www.naschgarten.org<\/a><\/li>\n<li><strong>E-Mail:<\/strong> <a href=\"m&#97;&#105;&#x6c;&#x74;&#x6f;&#x3a;h&#97;&#108;&#108;&#x6f;&#x40;&#x6e;as&#99;&#104;&#x67;&#x61;&#x72;te&#110;&#46;&#x6f;&#x72;&#x67;\">ha&#108;&#108;&#111;&#64;&#x6e;&#x61;&#x73;&#x63;&#x68;ga&#114;&#116;&#101;&#110;&#x2e;&#x6f;&#x72;&#x67;<\/a><\/li>\n<li><strong>Telefon:<\/strong> 0670 357\u00a01180<\/li>\n<\/ul>\n<\/li>\n<\/ul>\n<\/div>\n<div id=\"bezirk_19\" class=\"bezirk\" data-bezirk=\"19\">\n<h2><strong>Bio-Diversit\u00e4ts-Lehrpfad Cobenzl<\/strong><\/h2>\n<h3><strong>Was beutetet Bio-Diversit\u00e4t?<\/strong><\/h3>\n<p>Ein anderes Wort f\u00fcr Bio-Diversit\u00e4t ist Bio-Vielfalt.<br \/>\nBio-Diversit\u00e4t ist die Vielfalt in der Natur.<br \/>\nBei Bio-Diversit\u00e4t leben viele verschiedene<br \/>\nPflanzen und Lebewesen in einer Landschaft.<br \/>\nDas ist wichtig,<br \/>\nweil eine Landschaft nur dann gesund ist,<br \/>\nwenn viele verschiedene Pflanzen und Lebewesen<br \/>\nin ihr wohnen.<br \/>\nDann gibt es ein Gleichgewicht.<\/p>\n<h3><strong>Der Bio-Diversit\u00e4ts-Lehrpfad<\/strong><\/h3>\n<p>Der Bio-Diversit\u00e4ts-Lehrpfad<br \/>\nist in der N\u00e4he vom Kinder-Bauernhof am Cobenzl.<br \/>\nDer Cobenzl liegt im Bio-Sph\u00e4renpark Wienerwald.<br \/>\nEin Bio-Sph\u00e4renpark soll Natur sch\u00fctzen<br \/>\nund von den Bewohner*innen mit gestaltet werden.<br \/>\nIm Bio-Sph\u00e4renpark Wienerwald<br \/>\nleben viele verschiedene Pflanzen und Lebewesen.<\/p>\n<p>Der Bio-Diversit\u00e4ts-Lehrpfad ist f\u00fcr Kinder und Erwachsene.<br \/>\nDer Bio-Diversit\u00e4ts-Lehrpfad zeigt,<br \/>\ndass Bio-Diversit\u00e4t f\u00fcr alle Lebewesen und Pflanzen wichtig ist.<br \/>\nDer Bio-Diversit\u00e4ts-Lehrpfad hat 8 Stationen.<br \/>\nSie erfahren zum Beispiel<br \/>\nwarum Totholz f\u00fcr einen Wald wichtig ist<br \/>\noder warum in einer Steinmauer viele Pflanzen<br \/>\nund Lebewesen wohnen k\u00f6nnen.<br \/>\nUnd warum Wiesen f\u00fcr Bienen und Tagfalter<br \/>\nso wichtig sind.<\/p>\n<p>Der Bio-Diversit\u00e4ts-Lehrpfad wurde im<br \/>\nInterreg-Projekt SYM:BIO erstellt.<br \/>\nDas Interreg-Projekt SYM:BIO ist ein Projekt von<br \/>\n\u00d6sterreich und der Tschechischen Republik.<\/p>\n<p>In dem Projekt wird gezeigt<br \/>\nwie wichtig Natur in Landschaft und Garten<br \/>\nund f\u00fcr die Klimawandel-Anpassung ist.<\/p>\n<p><strong>Mehr Informationen<\/strong><br \/>\nfinden Sie in der Brosch\u00fcre:<br \/>\n<a href=\"https:\/\/www.garteln-in-wien.at\/wp-content\/uploads\/2022\/12\/Folder-AgriNatur-BesucherInnenflaechen-AT-HU.pdf\">Brosch\u00fcre \u201eNaturlehrpfad Cobenzl\u201c<\/a>.<br \/>\nDie Brosch\u00fcre ist in Standard-Sprache.<\/p>\n<ul>\n<li><strong>Angebote:<\/strong>\u00a0Lehrpfad<\/li>\n<li><strong>Adresse:<\/strong>N\u00e4he Landgut Wien Cobenzl, Am Cobenzl 96a, 1190 Wien<\/li>\n<li><strong>Zielgruppe:\u00a0<\/strong>Kinder und Erwachsene<\/li>\n<\/ul>\n<\/div>\n<div id=\"bezirk_22\" class=\"bezirk\" data-bezirk=\"22\">\n<h2>Vielfalt erleben im Garten der BIO FORSCHUNG AUSTRIA<\/h2>\n<p>Was essen Pflanzen?<br \/>\nWie tief gehen Wurzeln in den Boden?<br \/>\nWas bedeutet Bio?<\/p>\n<p>Auf diese Fragen bekommen Sch\u00fclerinnen und Sch\u00fcler Antworten.<\/p>\n<p>Es gibt viele verschiedene Angebote:<\/p>\n<p>Kinder lernen Pflanzen kennen, die sie essen k\u00f6nnen.<br \/>\nSie k\u00f6nnen Erbsen anbauen oder ernten<br \/>\noder Erd\u00e4pfel ausgraben und mit nach Hause nehmen.<\/p>\n<p>Im Garten der Bio Forschung Austria gibt es 200 verschiedene<br \/>\nArten und Sorten von Pflanzen.<br \/>\nDazu braucht es einen guten Boden.<br \/>\nDie Sch\u00fclerinnen und Sch\u00fcler halten Regenw\u00fcrmer.<br \/>\nSie k\u00f6nnen kleine Bodentiere untern dem Mikroskop beobachten.<br \/>\nDas Leben unter dem Boden<br \/>\nk\u00f6nnen Sie im Wurzel-Schaugarten sehen.<\/p>\n<ul>\n<li><strong>Adresse:<\/strong> Esslinger Hauptstr 132-134, 1220 Wien<\/li>\n<li><strong>Dauer:<\/strong><br \/>\nVolksschule: 2 Stunden<br \/>\nAb der 5. Schulstufe: 3 Stunden<\/li>\n<li><strong>Ziel-Gruppe:<\/strong><br \/>\nSch\u00fclerinnen und Sch\u00fcler von 5-18 Jahren<\/li>\n<li><strong>Nutz-Zeit:<\/strong> April-Oktober, Montag-Freitag &#8211; Termine nach Vereinbarung<\/li>\n<li><strong>Bepflanzung: <\/strong>\n<ul>\n<li>Obst, Gem\u00fcse, Getreide, Kr\u00e4uter, Pflanzen zur N\u00fctzlingsf\u00f6rderung, Begr\u00fcnungen<\/li>\n<\/ul>\n<\/li>\n<li><strong>Kontakt<\/strong>:\n<ul>\n<li style=\"list-style-type: none\">\n<ul>\n<li><strong>Email:<\/strong><a href=\"&#x6d;&#x61;&#105;&#108;t&#x6f;&#x3a;&#x73;&#99;&#104;u&#x6c;&#x6b;&#x6c;&#97;&#115;s&#x65;&#x6e;&#x40;&#98;&#105;o&#x66;&#x6f;&#x72;&#115;ch&#x75;&#x6e;&#x67;&#46;at\" target=\"_blank\" rel=\"noopener noreferrer\"> &#x73;c&#x68;&#117;&#x6c;&#107;&#x6c;&#x61;s&#x73;&#101;&#x6e;&#64;&#x62;&#105;o&#x66;&#111;&#x72;&#115;&#x63;&#104;u&#x6e;&#103;&#x2e;&#97;&#x74;<\/a><\/li>\n<li><strong>Web: <\/strong><a href=\"https:\/\/www.bioforschung.at\/events\/workshops-fuer-schulklassen\/\" target=\"_blank\" rel=\"noopener noreferrer\">BFA &#8211; Workshops f\u00fcr Schulklassen<\/a><\/li>\n<li><strong>Tel:\u00a0<\/strong>01-4000-49 160 (Di, Do 10:00 \u2013 12:00, Mi, Fr, 13:00 \u2013 15:00)<\/li>\n<\/ul>\n<\/li>\n<\/ul>\n<\/li>\n<\/ul>\n<h2><strong>AgriNatur Besucher*innenfl\u00e4chen &amp; \u00f6kologischer Lehrpfad<\/strong><\/h2>\n<p>Beim Projekt AgriNatur<br \/>\nerleben Sie<br \/>\nwie wichtig und sch\u00f6n<br \/>\nviele verschiedene Pflanzen am Feld sind.<br \/>\nDie 4 Besucher*innen-Fl\u00e4chen vom Projekt<br \/>\nhei\u00dfen \u201eFelder der Vielfalt\u201c.<br \/>\nDie 4 \u201eFelder der Vielfalt&#8221; sind:<br \/>\nFeldblick<br \/>\nWeitblick<br \/>\nVogelnest<br \/>\nInsektenoase<\/p>\n<p>Die \u201eFelder der Vielfalt\u201c sind in der<br \/>\nN\u00e4he von der Lobau in Wien.<br \/>\nAuf den \u201eFeldern der Vielfalt\u201c bekommen Sie<br \/>\nInformationen wie die Landschaft dort entstanden ist<br \/>\nund dass Vielfalt von Lebewesen und Pflanzen sehr wichtig ist.<\/p>\n<p>Mehr Informationen bekommen Sie <a href=\"https:\/\/www.interreg-athu.eu\/agrinaturathu\/projektnews\/kraft-schoepfen-schauen-staunen-spielen-auf-den-rastplaetzen-in-den-feldern-der-vielfalt\/\">hier<\/a><br \/>\noder in der <a href=\"https:\/\/www.garteln-in-wien.at\/wp-content\/uploads\/2022\/12\/Folder-AgriNatur-BesucherInnenflaechen-AT-HU.pdf\">Brosch\u00fcre \u201eAgriNatur Besucher:innenfl\u00e4chen\u201c<\/a>.<br \/>\nDie Brosch\u00fcre ist in Standard-Sprache.<\/p>\n<ul>\n<li><strong>Angebote:<\/strong>Lehrpfad<\/li>\n<li><strong>Adresse:<\/strong>N\u00e4he Esslinger Furt\u00a0 \u2013 Saltenstra\u00dfe-Brockhausengasse-Lobauwegerl Ecke Wiethestra\u00dfe-Seefeldergasse, 1220 Wien<\/li>\n<li><strong>Zielgruppe:\u00a0<\/strong>Kinder und Erwachsene<\/li>\n<\/ul>\n<ul>\n<li style=\"list-style-type: none\"><\/li>\n<\/ul>\n<\/div>\n<div id=\"bezirk_0\" class=\"bezirk\" data-bezirk=\"0\">\n<h2><strong>NASCH \u2013 Natur als Schule <\/strong><\/h2>\n<p>Zwei ausgebildete P\u00e4dagoginnen kommen zu den Kindern<br \/>\nund g\u00e4rtnern mit ihnen.<br \/>\nSie kommen in die Familie, in den Kindergarten oder<br \/>\nin die Schule.<br \/>\nDort wird gemeinsam ein Teil vom Garten angelegt.<\/p>\n<p>Zum Beispiel:<\/p>\n<ul>\n<li>Hoch-Beete bauen.<br \/>\nBoden-Beete anlegen und bepflanzen.<br \/>\nHandwerken und g\u00e4rtnern.<\/li>\n<li>Zum Beispiel werden Lieder gesungen<br \/>\noder Geschichten angeh\u00f6rt.<br \/>\nDie Kinder arbeiten selbstst\u00e4ndig und lernen davon.<\/li>\n<li>Garten-Bereiche \u00fcberlegen, zeichnen und anlegen.<\/li>\n<li>Lebens-Raum f\u00fcr Pflanzen und Tiere, die in \u00d6sterreich leben gestalten.<\/li>\n<\/ul>\n<p><strong>Kontakt:<\/strong><\/p>\n<ul>\n<li>DIin Johanna Biesenbender, Landschaftsplanerin und Kindergartenp\u00e4dagogin<\/li>\n<li>Mag.a Silvia Schachinger, P\u00e4dagogin und Mathematikerin<\/li>\n<li><strong>E-Mail<\/strong>: <a href=\"&#x6d;a&#x69;&#108;&#x74;&#x6f;:&#x70;&#111;&#x73;&#x74;&#64;&#x6e;&#97;&#x74;&#x75;r&#x61;&#108;&#x73;&#x73;c&#x68;&#117;&#x6c;&#x65;&#46;&#x61;&#116;\" target=\"_blank\" rel=\"noopener noreferrer\">&#x70;&#x6f;&#x73;&#x74;&#x40;&#x6e;&#x61;&#x74;&#117;&#114;&#97;&#108;&#115;&#115;&#99;hule&#x2e;&#x61;&#x74;<\/a><\/li>\n<li><strong>Webseite<\/strong>: <a href=\"http:\/\/www.naturalsschule.at\" target=\"_blank\" rel=\"noopener noreferrer\">www.naturalsschule.at<\/a><\/li>\n<li><strong>Telefon:<\/strong> 0699 10849513<\/li>\n<\/ul>\n<h2>Die Pfleger der Hei\u00dfl\u00e4nden f\u00fcr Schulklassen<\/h2>\n<p>Hei\u00dfl\u00e4nden sind Fl\u00e4chen aus Kiesel<br \/>\nin der N\u00e4he von gr\u00f6\u00dferen Fl\u00fcssen.<br \/>\nHei\u00dfl\u00e4nden sind sehr trocken mit viel Sonnen-Einstrahlung.<br \/>\nIn Hei\u00dfl\u00e4nden wohnen viele verschiedene<br \/>\nseltene Tiere und Pflanzen.<br \/>\nLeider sind Hei\u00dfl\u00e4nden durch das Zuwachsen<br \/>\nmit Str\u00e4uchern und B\u00e4umen gef\u00e4hrdet.<\/p>\n<p>Gemeinsam mit Mitarbeiter*innen vom Forstbetrieb der Stadt Wien<br \/>\n(MA49, Forst- und Landwirtschaftsbetrieb der Stadt Wien)<br \/>\nsollen Hei\u00dfl\u00e4nden gesch\u00fctzt werden.<br \/>\nAuch Sch\u00fcler*innen k\u00f6nnen helfen.<br \/>\nSie k\u00f6nnen mit verschiedenen Ger\u00e4ten<br \/>\ndie Hei\u00dfl\u00e4nden frei legen.<br \/>\nZum Beispiel mit Wiedehopf-Hacken und Ast-Scheren.<br \/>\nDie Sch\u00fcler*innen lernen dabei<br \/>\nviel \u00fcber die Hei\u00dfl\u00e4nde.<\/p>\n<ul>\n<li><strong>Adresse:\u00a0<\/strong>Hei\u00dfl\u00e4nden in Wien<\/li>\n<li><strong>Termine:<\/strong>nach Vereinbarung<\/li>\n<li><strong>Dauer:\u00a0<\/strong> 4 Stunden<\/li>\n<li><strong>Kosten:<\/strong>gratis<\/li>\n<li><strong>Kontakt:\u00a0<\/strong>Forst- und Landwirtschaftsbetrieb der Stadt Wien,\u2028 nationalparkhaus wien-lobAU\n<ul>\n<li><strong>Tel:<\/strong>01\/4000-49495<\/li>\n<li><strong>E-Mail<\/strong>:\u00a0<a href=\"&#109;a&#x69;l&#x74;&#111;&#x3a;&#110;&#x68;&#64;m&#x61;4&#x39;&#46;&#x77;&#105;&#x65;&#110;&#x2e;&#103;v&#x2e;a&#x74;\">&#110;&#x68;&#x40;m&#97;&#x34;9&#46;&#x77;&#x69;e&#110;&#x2e;g&#118;&#x2e;&#x61;t<\/a><\/li>\n<li><strong>Web:\u00a0<\/strong><a href=\"http:\/\/www.nph-lobau.wien.at\/\">nph-lobau.wien.at<\/a><\/li>\n<\/ul>\n<\/li>\n<\/ul>\n<\/div>\n<\/div>\n<p>Zus\u00e4tzlich gibt es Angebote von &#8220;<a href=\"http:\/\/www.eule-wien.at\/fuer-familien\/gaerten-waelder\/\" target=\"_blank\" rel=\"noopener noreferrer\">Eule Wien<\/a>&#8220;, &#8220;<a href=\"http:\/\/www.schuleambauernhof.at\/\" target=\"_blank\" rel=\"noopener noreferrer\">Schule am Bauernhof&#8221;<\/a> und &#8220;<a href=\"http:\/\/www.bio-austria.at\/schule\/\" target=\"_blank\" rel=\"noopener noreferrer\">Bio macht Schule&#8221;<\/a>.<\/p>\n\n\t\t<style type=\"text\/css\">\n\t\t\t#gallery-1 {\n\t\t\t\tmargin: auto;\n\t\t\t}\n\t\t\t#gallery-1 .gallery-item {\n\t\t\t\tfloat: left;\n\t\t\t\tmargin-top: 10px;\n\t\t\t\ttext-align: center;\n\t\t\t\twidth: 33%;\n\t\t\t}\n\t\t\t#gallery-1 img {\n\t\t\t\tborder: 2px solid #cfcfcf;\n\t\t\t}\n\t\t\t#gallery-1 .gallery-caption {\n\t\t\t\tmargin-left: 0;\n\t\t\t}\n\t\t\t\/* see gallery_shortcode() in wp-includes\/media.php *\/\n\t\t<\/style>\n\t\t<div id='gallery-1' class='gallery galleryid-4339 gallery-columns-3 gallery-size-thumbnail'><dl class='gallery-item'>\n\t\t\t<dt class='gallery-icon landscape'>\n\t\t\t\t<a href='https:\/\/www.garteln-in-wien.at\/plain_d\/img_0433fac_1-2\/'><img loading=\"lazy\" decoding=\"async\" width=\"150\" height=\"150\" src=\"https:\/\/www.garteln-in-wien.at\/wp-content\/uploads\/2016\/07\/IMG_0433fac_1-150x150.jpg\" class=\"attachment-thumbnail size-thumbnail\" alt=\"\" aria-describedby=\"gallery-1-3124\" \/><\/a>\n\t\t\t<\/dt>\n\t\t\t\t<dd class='wp-caption-text gallery-caption' id='gallery-1-3124'>\n\t\t\t\tAm Bild sehen Sie Kinder bei der K\u00fcrbisernte.\n\t\t\t\t<\/dd><\/dl><dl class='gallery-item'>\n\t\t\t<dt class='gallery-icon landscape'>\n\t\t\t\t<a href='https:\/\/www.garteln-in-wien.at\/plain_d\/paradeiservielfalt-2\/'><img loading=\"lazy\" decoding=\"async\" width=\"150\" height=\"150\" src=\"https:\/\/www.garteln-in-wien.at\/wp-content\/uploads\/2016\/07\/Paradeiservielfalt-150x150.jpg\" class=\"attachment-thumbnail size-thumbnail\" alt=\"\" aria-describedby=\"gallery-1-3025\" \/><\/a>\n\t\t\t<\/dt>\n\t\t\t\t<dd class='wp-caption-text gallery-caption' id='gallery-1-3025'>\n\t\t\t\tAm Bild sehen Sie einen Jungen, der einen gro\u00dfen Korb mit Tomaten h\u00e4lt. Die Tomaten sind vom \u201cGarten der Vielfalt\u201d\n\t\t\t\t<\/dd><\/dl><dl class='gallery-item'>\n\t\t\t<dt class='gallery-icon landscape'>\n\t\t\t\t<a href='https:\/\/www.garteln-in-wien.at\/plain_d\/p1090348-2\/'><img loading=\"lazy\" decoding=\"async\" width=\"150\" height=\"150\" src=\"https:\/\/www.garteln-in-wien.at\/wp-content\/uploads\/2016\/07\/P1090348-150x150.jpg\" class=\"attachment-thumbnail size-thumbnail\" alt=\"\" aria-describedby=\"gallery-1-2990\" \/><\/a>\n\t\t\t<\/dt>\n\t\t\t\t<dd class='wp-caption-text gallery-caption' id='gallery-1-2990'>\n\t\t\t\tAm Bild seheb Sie Kinder beim Spielen auf einem Komposthaufen\n\t\t\t\t<\/dd><\/dl><br style=\"clear: both\" \/><dl class='gallery-item'>\n\t\t\t<dt class='gallery-icon landscape'>\n\t\t\t\t<a href='https:\/\/www.garteln-in-wien.at\/plain_d\/sg-bioforschung-juni-2013-041-2\/'><img loading=\"lazy\" decoding=\"async\" width=\"150\" height=\"150\" src=\"https:\/\/www.garteln-in-wien.at\/wp-content\/uploads\/2016\/07\/SG-Bioforschung-Juni-2013-041-150x150.jpg\" class=\"attachment-thumbnail size-thumbnail\" alt=\"\" aria-describedby=\"gallery-1-2991\" \/><\/a>\n\t\t\t<\/dt>\n\t\t\t\t<dd class='wp-caption-text gallery-caption' id='gallery-1-2991'>\n\t\t\t\tAm Bild sehen Sie gefl\u00fcchtete Jugendliche der Diakonie Hirtenberg bei einem Workshop der Bio Forschung Austria.\n\t\t\t\t<\/dd><\/dl><dl class='gallery-item'>\n\t\t\t<dt class='gallery-icon portrait'>\n\t\t\t\t<a href='https:\/\/www.garteln-in-wien.at\/plain_d\/dsc_2329-2\/'><img loading=\"lazy\" decoding=\"async\" width=\"150\" height=\"150\" src=\"https:\/\/www.garteln-in-wien.at\/wp-content\/uploads\/2016\/07\/DSC_2329-e1591435115929-150x150.jpg\" class=\"attachment-thumbnail size-thumbnail\" alt=\"\" aria-describedby=\"gallery-1-3030\" \/><\/a>\n\t\t\t<\/dt>\n\t\t\t\t<dd class='wp-caption-text gallery-caption' id='gallery-1-3030'>\n\t\t\t\tAm Bild sehen Sie ein M\u00e4dchen, das einen Regenwurm h\u00e4lt. Er ist ein gro\u00dfer N\u00fctzling.\n\t\t\t\t<\/dd><\/dl><dl class='gallery-item'>\n\t\t\t<dt class='gallery-icon landscape'>\n\t\t\t\t<a href='https:\/\/www.garteln-in-wien.at\/plain_d\/img_8061fac_1-2\/'><img loading=\"lazy\" decoding=\"async\" width=\"150\" height=\"150\" src=\"https:\/\/www.garteln-in-wien.at\/wp-content\/uploads\/2016\/07\/IMG_8061fac_1-150x150.jpg\" class=\"attachment-thumbnail size-thumbnail\" alt=\"\" aria-describedby=\"gallery-1-3103\" \/><\/a>\n\t\t\t<\/dt>\n\t\t\t\t<dd class='wp-caption-text gallery-caption' id='gallery-1-3103'>\n\t\t\t\tAm Bild sehen Sie einen Paprika. Er sieht aus als w\u00fcrde er lachen.\n\t\t\t\t<\/dd><\/dl><br style=\"clear: both\" \/>\n\t\t<\/div>\n\n<p>Die Webseite wird immer wieder \u00fcberarbeitet.<br \/>\nEs k\u00f6nnen neue Inhalte dazukommen.<br \/>\nDie Aufz\u00e4hlungen sind deshalb nicht vollst\u00e4ndig.<\/p>\n<p>F\u00fcr den Inhalte von anderen Webseiten sind wir nicht verantwortlich.<br \/>\nWir sind rechtlich nicht f\u00fcr den Inhalt und die Aussagen von anderen Webseiten verantwortlich.<\/p>\n","protected":false},"excerpt":{"rendered":"<p>F\u00fcr Kinder gibt es in Wien viele M\u00f6glichkeiten zum G\u00e4rtnern. Adressen von Angeboten f\u00fcr Kinder: Zus\u00e4tzlich gibt es Angebote von<\/p>\n","protected":false},"author":12,"featured_media":2594,"parent":0,"menu_order":0,"comment_status":"closed","ping_status":"closed","template":"","meta":{"footnotes":""},"class_list":["post-4339","page","type-page","status-publish","has-post-thumbnail","hentry"],"_links":{"self":[{"href":"https:\/\/www.garteln-in-wien.at\/plain_d\/wp-json\/wp\/v2\/pages\/4339","targetHints":{"allow":["GET"]}}],"collection":[{"href":"https:\/\/www.garteln-in-wien.at\/plain_d\/wp-json\/wp\/v2\/pages"}],"about":[{"href":"https:\/\/www.garteln-in-wien.at\/plain_d\/wp-json\/wp\/v2\/types\/page"}],"author":[{"embeddable":true,"href":"https:\/\/www.garteln-in-wien.at\/plain_d\/wp-json\/wp\/v2\/users\/12"}],"replies":[{"embeddable":true,"href":"https:\/\/www.garteln-in-wien.at\/plain_d\/wp-json\/wp\/v2\/comments?post=4339"}],"version-history":[{"count":1,"href":"https:\/\/www.garteln-in-wien.at\/plain_d\/wp-json\/wp\/v2\/pages\/4339\/revisions"}],"predecessor-version":[{"id":4771,"href":"https:\/\/www.garteln-in-wien.at\/plain_d\/wp-json\/wp\/v2\/pages\/4339\/revisions\/4771"}],"wp:featuredmedia":[{"embeddable":true,"href":"https:\/\/www.garteln-in-wien.at\/plain_d\/wp-json\/wp\/v2\/media\/2594"}],"wp:attachment":[{"href":"https:\/\/www.garteln-in-wien.at\/plain_d\/wp-json\/wp\/v2\/media?parent=4339"}],"curies":[{"name":"wp","href":"https:\/\/api.w.org\/{rel}","templated":true}]}}