{"id":4856,"date":"2016-07-04T16:50:26","date_gmt":"2016-07-04T14:50:26","guid":{"rendered":"https:\/\/www.garteln-in-wien.at\/?page_id=4856"},"modified":"2025-07-10T10:35:40","modified_gmt":"2025-07-10T08:35:40","slug":"lokale-agenda-21-wien","status":"publish","type":"page","link":"https:\/\/www.garteln-in-wien.at\/plain_d\/lokale-agenda-21-wien\/","title":{"rendered":"Lokale Agenda 21 Wien"},"content":{"rendered":"<p><img loading=\"lazy\" decoding=\"async\" class=\"alignnone wp-image-4685\" src=\"https:\/\/www.garteln-in-wien.at\/wp-content\/uploads\/2024\/04\/2009_LA21_Logo_RGB_5cm.jpg\" alt=\"\" width=\"270\" height=\"139\" \/><\/p>\n<p>&nbsp;<\/p>\n<p>Die <a href=\"https:\/\/la21.wien\/\">Lokale Agenda 21 Wien<\/a> unterst\u00fctzten engagierte Wiener:innen dabei, ihre Ideen f\u00fcr ein nachhaltiges, lebenswertes und inklusives Gr\u00e4tzl umzusetzen. Gemeinsam mit der Stadtverwaltung, der Bezirkspolitik und der Zivilgesellschaft unterst\u00fctzt sie nachhaltige Ver\u00e4nderungen auf lokaler Ebene.<\/p>\n<p>&nbsp;<\/p>\n<p><strong>Programme der Lokalen Agenda 21 Wien <\/strong><\/p>\n<p>In zw\u00f6lf Wiener Gemeindebezirken gibt es <a href=\"https:\/\/la21.wien\/graetzllabor\/\"><strong>Gr\u00e4tzllabore<\/strong><\/a>, die engagierte B\u00fcrger:innen unterst\u00fctzen, ihre Nachbarschaft aktiv mitzugestalten. In einem ko-kreativen Prozess arbeiten Verwaltung, Bezirkspolitik und B\u00fcrger:innen zusammen, um nachhaltige Projekte zu verwirklichen. Von Gemeinschaftsg\u00e4rten \u00fcber DIY-Supergr\u00e4tzl bis hin zu innovativen Mobilit\u00e4tsl\u00f6sungen \u2013 die Gr\u00e4tzllabore helfen dabei, Ideen in die Tat umzusetzen.<\/p>\n<p>&nbsp;<\/p>\n<p><img loading=\"lazy\" decoding=\"async\" class=\"alignnone wp-image-4703\" src=\"https:\/\/www.garteln-in-wien.at\/wp-content\/uploads\/2024\/04\/GOURL-700x655.jpg\" alt=\"\" width=\"201\" height=\"189\" srcset=\"https:\/\/www.garteln-in-wien.at\/wp-content\/uploads\/2024\/04\/GOURL-700x655.jpg 700w, https:\/\/www.garteln-in-wien.at\/wp-content\/uploads\/2024\/04\/GOURL-1024x958.jpg 1024w, https:\/\/www.garteln-in-wien.at\/wp-content\/uploads\/2024\/04\/GOURL-768x718.jpg 768w, https:\/\/www.garteln-in-wien.at\/wp-content\/uploads\/2024\/04\/GOURL-1536x1437.jpg 1536w, https:\/\/www.garteln-in-wien.at\/wp-content\/uploads\/2024\/04\/GOURL.jpg 2000w\" sizes=\"auto, (max-width: 201px) 100vw, 201px\" \/><\/p>\n<p>Das wienweite Aktionsprogramm <a href=\"https:\/\/la21.wien\/graetzloase\/\"><strong>Gr\u00e4tzloase<\/strong><\/a> bringt Menschen zusammen und macht den \u00f6ffentlichen Raum f\u00fcr alle erlebbar. Mit Aktionen und Projekten zu den Schwerpunkten<strong>\u201eGr\u00fcne Parklets\u201c<\/strong>,<strong>\u201eJunge Gr\u00e4tzl\u201c<\/strong> und <strong>\u201eGr\u00e4tzlleben\u201c<\/strong> entstehen neue Begegnungsorte, die die Nachbarschaft und den sozialen Zusammenhalt im Gr\u00e4tzl st\u00e4rken. Die Gr\u00e4tzloase unterst\u00fctzt j\u00e4hrlich neue Aktionen und Projekte mit Know-How, Beratung und Budget \u2013 damit noch mehr Wiener:innen mitmischen k\u00f6nnen!<\/p>\n<p>&nbsp;<\/p>\n<p><strong>Unter folgendem Link finden Sie weitere Informationen zur <a href=\"https:\/\/la21.wien\/\">Lokalen Agenda 21 Wien<\/a>.<\/strong><\/p>\n<p>&nbsp;<\/p>\n\n\t\t<style type=\"text\/css\">\n\t\t\t#gallery-1 {\n\t\t\t\tmargin: auto;\n\t\t\t}\n\t\t\t#gallery-1 .gallery-item {\n\t\t\t\tfloat: left;\n\t\t\t\tmargin-top: 10px;\n\t\t\t\ttext-align: center;\n\t\t\t\twidth: 33%;\n\t\t\t}\n\t\t\t#gallery-1 img {\n\t\t\t\tborder: 2px solid #cfcfcf;\n\t\t\t}\n\t\t\t#gallery-1 .gallery-caption {\n\t\t\t\tmargin-left: 0;\n\t\t\t}\n\t\t\t\/* see gallery_shortcode() in wp-includes\/media.php *\/\n\t\t<\/style>\n\t\t<div id='gallery-1' class='gallery galleryid-4856 gallery-columns-3 gallery-size-thumbnail'><dl class='gallery-item'>\n\t\t\t<dt class='gallery-icon landscape'>\n\t\t\t\t<a href='https:\/\/www.garteln-in-wien.at\/plain_d\/fastrundetisch_2022_-la21-wien_tim-dornaus-2\/'><img loading=\"lazy\" decoding=\"async\" width=\"150\" height=\"150\" src=\"https:\/\/www.garteln-in-wien.at\/wp-content\/uploads\/2024\/04\/FastRundeTisch_2022_\u00a9-LA21-Wien_Tim-Dornaus-150x150.jpg\" class=\"attachment-thumbnail size-thumbnail\" alt=\"\" aria-describedby=\"gallery-1-4702\" \/><\/a>\n\t\t\t<\/dt>\n\t\t\t\t<dd class='wp-caption-text gallery-caption' id='gallery-1-4702'>\n\t\t\t\tFastRundeTisch 2022 \u00a9 LA21 Wien Tim Dornaus\n\t\t\t\t<\/dd><\/dl><dl class='gallery-item'>\n\t\t\t<dt class='gallery-icon landscape'>\n\t\t\t\t<a href='https:\/\/www.garteln-in-wien.at\/plain_d\/230916_parkingday_la21wien_maxslovencik-3-2\/'><img loading=\"lazy\" decoding=\"async\" width=\"150\" height=\"150\" src=\"https:\/\/www.garteln-in-wien.at\/wp-content\/uploads\/2024\/04\/230916_ParkingDay_LA21Wien_MaxSlovencik-3-150x150.jpg\" class=\"attachment-thumbnail size-thumbnail\" alt=\"\" aria-describedby=\"gallery-1-4699\" \/><\/a>\n\t\t\t<\/dt>\n\t\t\t\t<dd class='wp-caption-text gallery-caption' id='gallery-1-4699'>\n\t\t\t\tParkingDay LA21Wien MaxSlovencik\n\t\t\t\t<\/dd><\/dl><dl class='gallery-item'>\n\t\t\t<dt class='gallery-icon landscape'>\n\t\t\t\t<a href='https:\/\/www.garteln-in-wien.at\/plain_d\/230916_parkingday_la21wien_maxslovencik-1-1-2\/'><img loading=\"lazy\" decoding=\"async\" width=\"150\" height=\"150\" src=\"https:\/\/www.garteln-in-wien.at\/wp-content\/uploads\/2024\/04\/230916_ParkingDay_LA21Wien_MaxSlovencik-1-1-150x150.jpg\" class=\"attachment-thumbnail size-thumbnail\" alt=\"\" aria-describedby=\"gallery-1-4696\" \/><\/a>\n\t\t\t<\/dt>\n\t\t\t\t<dd class='wp-caption-text gallery-caption' id='gallery-1-4696'>\n\t\t\t\t\u00a9\n\t\t\t\t<\/dd><\/dl><br style=\"clear: both\" \/><dl class='gallery-item'>\n\t\t\t<dt class='gallery-icon landscape'>\n\t\t\t\t<a href='https:\/\/www.garteln-in-wien.at\/plain_d\/230900_sommeroasehasnerstrasse_abschlussfest_c_la21wien_timdornaus-12-2\/'><img loading=\"lazy\" decoding=\"async\" width=\"150\" height=\"150\" src=\"https:\/\/www.garteln-in-wien.at\/wp-content\/uploads\/2024\/04\/230900_SommeroaseHasnerstrasse_Abschlussfest_c_LA21Wien_TimDornaus-12-150x150.jpg\" class=\"attachment-thumbnail size-thumbnail\" alt=\"\" aria-describedby=\"gallery-1-4693\" \/><\/a>\n\t\t\t<\/dt>\n\t\t\t\t<dd class='wp-caption-text gallery-caption' id='gallery-1-4693'>\n\t\t\t\t\u00a9\n\t\t\t\t<\/dd><\/dl><dl class='gallery-item'>\n\t\t\t<dt class='gallery-icon landscape'>\n\t\t\t\t<a href='https:\/\/www.garteln-in-wien.at\/plain_d\/230900_c_la21wien_timdornaus-2\/'><img loading=\"lazy\" decoding=\"async\" width=\"150\" height=\"150\" src=\"https:\/\/www.garteln-in-wien.at\/wp-content\/uploads\/2024\/04\/230900_c_LA21Wien_TimDornaus-150x150.jpg\" class=\"attachment-thumbnail size-thumbnail\" alt=\"\" aria-describedby=\"gallery-1-4690\" \/><\/a>\n\t\t\t<\/dt>\n\t\t\t\t<dd class='wp-caption-text gallery-caption' id='gallery-1-4690'>\n\t\t\t\t\u00a9\n\t\t\t\t<\/dd><\/dl><dl class='gallery-item'>\n\t\t\t<dt class='gallery-icon landscape'>\n\t\t\t\t<a href='https:\/\/www.garteln-in-wien.at\/plain_d\/lokale-agenda-21-wien\/go-darwin-oase-la21wien-tim-dornaus-2\/'><img loading=\"lazy\" decoding=\"async\" width=\"150\" height=\"150\" src=\"https:\/\/www.garteln-in-wien.at\/wp-content\/uploads\/2024\/04\/go-darwin-oase-la21wien-tim-dornaus-150x150.jpg\" class=\"attachment-thumbnail size-thumbnail\" alt=\"\" aria-describedby=\"gallery-1-4683\" \/><\/a>\n\t\t\t<\/dt>\n\t\t\t\t<dd class='wp-caption-text gallery-caption' id='gallery-1-4683'>\n\t\t\t\tGr\u00fcne Parklets \u00a9 LA21 Wien \/ Tim Dornaus\n\t\t\t\t<\/dd><\/dl><br style=\"clear: both\" \/><dl class='gallery-item'>\n\t\t\t<dt class='gallery-icon landscape'>\n\t\t\t\t<a href='https:\/\/www.garteln-in-wien.at\/plain_d\/lokale-agenda-21-wien\/c_la21wien_timdornaus-2\/'><img loading=\"lazy\" decoding=\"async\" width=\"150\" height=\"150\" src=\"https:\/\/www.garteln-in-wien.at\/wp-content\/uploads\/2024\/04\/c_LA21Wien_TimDornaus-150x150.jpg\" class=\"attachment-thumbnail size-thumbnail\" alt=\"\" aria-describedby=\"gallery-1-4680\" \/><\/a>\n\t\t\t<\/dt>\n\t\t\t\t<dd class='wp-caption-text gallery-caption' id='gallery-1-4680'>\n\t\t\t\tGr\u00e4tzlleben \u00a9 LA21 Wien \/ Tim Dornaus\n\t\t\t\t<\/dd><\/dl><dl class='gallery-item'>\n\t\t\t<dt class='gallery-icon landscape'>\n\t\t\t\t<a href='https:\/\/www.garteln-in-wien.at\/plain_d\/lokale-agenda-21-wien\/c_la21wien_maxslovencik-2\/'><img loading=\"lazy\" decoding=\"async\" width=\"150\" height=\"150\" src=\"https:\/\/www.garteln-in-wien.at\/wp-content\/uploads\/2024\/04\/c_LA21Wien_MaxSlovencik-150x150.jpg\" class=\"attachment-thumbnail size-thumbnail\" alt=\"\" aria-describedby=\"gallery-1-4677\" \/><\/a>\n\t\t\t<\/dt>\n\t\t\t\t<dd class='wp-caption-text gallery-caption' id='gallery-1-4677'>\n\t\t\t\tJunge Gr\u00e4tzl \u00a9 LA21 Wien \/ Max Slovencik\n\t\t\t\t<\/dd><\/dl>\n\t\t\t<br style='clear: both' \/>\n\t\t<\/div>\n\n","protected":false},"excerpt":{"rendered":"<p>&nbsp; Die Lokale Agenda 21 Wien unterst\u00fctzten engagierte Wiener:innen dabei, ihre Ideen f\u00fcr ein nachhaltiges, lebenswertes und inklusives Gr\u00e4tzl umzusetzen.<\/p>\n","protected":false},"author":12,"featured_media":0,"parent":0,"menu_order":0,"comment_status":"closed","ping_status":"closed","template":"","meta":{"footnotes":""},"class_list":["post-4856","page","type-page","status-publish","hentry"],"_links":{"self":[{"href":"https:\/\/www.garteln-in-wien.at\/plain_d\/wp-json\/wp\/v2\/pages\/4856","targetHints":{"allow":["GET"]}}],"collection":[{"href":"https:\/\/www.garteln-in-wien.at\/plain_d\/wp-json\/wp\/v2\/pages"}],"about":[{"href":"https:\/\/www.garteln-in-wien.at\/plain_d\/wp-json\/wp\/v2\/types\/page"}],"author":[{"embeddable":true,"href":"https:\/\/www.garteln-in-wien.at\/plain_d\/wp-json\/wp\/v2\/users\/12"}],"replies":[{"embeddable":true,"href":"https:\/\/www.garteln-in-wien.at\/plain_d\/wp-json\/wp\/v2\/comments?post=4856"}],"version-history":[{"count":2,"href":"https:\/\/www.garteln-in-wien.at\/plain_d\/wp-json\/wp\/v2\/pages\/4856\/revisions"}],"predecessor-version":[{"id":5133,"href":"https:\/\/www.garteln-in-wien.at\/plain_d\/wp-json\/wp\/v2\/pages\/4856\/revisions\/5133"}],"wp:attachment":[{"href":"https:\/\/www.garteln-in-wien.at\/plain_d\/wp-json\/wp\/v2\/media?parent=4856"}],"curies":[{"name":"wp","href":"https:\/\/api.w.org\/{rel}","templated":true}]}}